{"id":3016,"date":"2023-02-24T13:58:41","date_gmt":"2023-02-24T13:58:41","guid":{"rendered":"https:\/\/gossip-themes.com\/kalliope\/?page_id=3016"},"modified":"2026-07-23T13:21:50","modified_gmt":"2026-07-23T13:21:50","slug":"home-one","status":"publish","type":"page","link":"https:\/\/crolatam.com\/hrv\/","title":{"rendered":"Dom Jedan"},"content":{"rendered":"<div data-elementor-type=\"wp-page\" data-elementor-id=\"3016\" class=\"elementor elementor-3016\">\n\t\t\t\t\t\t<section class=\"elementor-section elementor-top-section elementor-element elementor-element-a16deb1 elementor-section-full_width elementor-section-stretched elementor-section-height-default elementor-section-height-default\" data-id=\"a16deb1\" data-element_type=\"section\" data-settings=\"{&quot;stretch_section&quot;:&quot;section-stretched&quot;}\">\n\t\t\t\t\t\t<div class=\"elementor-container elementor-column-gap-default\">\n\t\t\t\t\t<div class=\"elementor-column elementor-col-100 elementor-top-column elementor-element elementor-element-8a91220\" data-id=\"8a91220\" data-element_type=\"column\">\n\t\t\t<div class=\"elementor-widget-wrap elementor-element-populated\">\n\t\t\t\t\t\t<div class=\"elementor-element elementor-element-be1fc6c elementor-widget elementor-widget-post-block-full-width-slider\" data-id=\"be1fc6c\" data-element_type=\"widget\" data-widget_type=\"post-block-full-width-slider.default\">\n\t\t\t\t<div class=\"elementor-widget-container\">\n\t\t\t\t\t\n\t\t<script type=\"text\/javascript\">\n\t\t\tjQuery(document).ready(function ($) {\n        \n\t\t\tfunction rtl_slick(){\n\t\t\t\tif ($('body').hasClass(\"rtl\")) {\n\t\t\t\t\treturn true;\n\t\t\t\t} else {\n\t\t\t\t\treturn false;\n\t\t\t}}\n\t\t\n\t\t\t$('.theme-main-slider-full-width').slick({\n\t\t\t\t\n\t\t\t\tinfinite: true,\n\t\t\t\tfade: true,\n\t\t\t\tdots: false,\n\t\t\t\tarrows: true,\n\t\t\t\tautoplay: false,\n\t\t\t\tautoplaySpeed: 2000,\n\t\t\t\tslidesToShow: 1,\n\t\t\t\t\/\/slidesToScroll: 1,\n\t\t\t\trtl: rtl_slick(),\n\n\t\t\t\tprevArrow: '<div class=\"slide-arrow-left\"><i class=\"icofont-long-arrow-left\"><\/i><\/div>',\n\t\t\t\tnextArrow: '<div class=\"slide-arrow-right\"><i class=\"icofont-long-arrow-right\"><\/i><\/div>',\n\t\t\t\t\n\t\t\t});\n\t\t});\n\t\t<\/script>\n\t\t\n\t\t\t\t\t\t<div class=\"theme-main-slider-full-width\">\n\t\t\t\t\t\t\n\t\t\t\t<article class=\"post-block-style-wrapper post-block-template-large\">\n\t\t\t\t\t<div class=\"post-block-style-inner\">\n\t\t\t\t\t\t<div class=\"post-block-media-wrap\">\n\t\t\t\t\t\t\t<a href=\"https:\/\/crolatam.com\/hrv\/miles-de-personas-llegan-a-zagreb-por-el-escandalo-de-los-residuos-ilegales-en-lika\/\">\n\t\t\t\t\t\t\t\t<img decoding=\"async\" src=\"https:\/\/crolatam.com\/wp-content\/uploads\/2026\/09\/Lika-manifestacion.webp\" alt=\"Miles de personas llegan a Zagreb por el esc\u00e1ndalo de los residuos ilegales en Lika\">\n\t\t\t\t\t\t\t<\/a>\n\t\t\t\t\t\t<\/div>\n\t\t\t\t\t\t<div class=\"post-block-content-wrap\">\n\n\t\t\t\t\t\t\t\n\t\t\t\t\t\t\t<div class=\"post-item-title\">\n\t\t\t\t\t\t\t\t<h2 class=\"post-title\">\n\t\t\t\t\t\t\t\t\t<a href=\"https:\/\/crolatam.com\/hrv\/miles-de-personas-llegan-a-zagreb-por-el-escandalo-de-los-residuos-ilegales-en-lika\/\">\n\t\t\t\t\t\t\t\t\t\tMiles de personas llegan a Zagreb por el esc\u00e1ndalo de los residuos ilegales en Lika\t\t\t\t\t\t\t\t\t<\/a>\n\t\t\t\t\t\t\t\t<\/h2>\n\t\t\t\t\t\t\t<\/div>\n\n\t\t\t\t\t\t\t\t\t\t\t\t\t\t<div class=\"post-excerpt-box\">\n\t\t\t\t\t\t\t\t<p>Residuos importados de Italia y Eslovenia generan preocupaci\u00f3n por el medio ambiente y las aguas subterr\u00e1neas.<\/p>\n\t\t\t\t\t\t\t<\/div>\n\t\t\t\t\t\t\t\n\t\t\t\t\t\t\t<div class=\"post-bottom-meta-list\">\n\n\t\t\t\t\t\t\t\t\n\t\t\t\t\t\t\t\t<div class=\"meta-content\">\n\n\t\t\t\t\t\t\t\t\t\n\t\t\t\t\t\t\t\t\t\n\t\t\t\t\t\t\t\t<\/div>\n\t\t\t\t\t\t\t<\/div>\n\t\t\t\t\t\t<\/div>\n\t\t\t\t\t<\/div>\n\t\t\t\t<\/article>\n\t\t\t\n\t\t\t\t\t\t\n\t\t\t\t<article class=\"post-block-style-wrapper post-block-template-large\">\n\t\t\t\t\t<div class=\"post-block-style-inner\">\n\t\t\t\t\t\t<div class=\"post-block-media-wrap\">\n\t\t\t\t\t\t\t<a href=\"https:\/\/crolatam.com\/hrv\/croacia-derrota-a-la-campeona-de-europa-espana-en-futbol-sala\/\">\n\t\t\t\t\t\t\t\t<img decoding=\"async\" src=\"https:\/\/crolatam.com\/wp-content\/uploads\/2026\/09\/Croacia-futbol.webp\" alt=\"Croacia derrota a la campeona de Europa, Espa\u00f1a, en f\u00fatbol sala\">\n\t\t\t\t\t\t\t<\/a>\n\t\t\t\t\t\t<\/div>\n\t\t\t\t\t\t<div class=\"post-block-content-wrap\">\n\n\t\t\t\t\t\t\t\n\t\t\t\t\t\t\t<div class=\"post-item-title\">\n\t\t\t\t\t\t\t\t<h2 class=\"post-title\">\n\t\t\t\t\t\t\t\t\t<a href=\"https:\/\/crolatam.com\/hrv\/croacia-derrota-a-la-campeona-de-europa-espana-en-futbol-sala\/\">\n\t\t\t\t\t\t\t\t\t\tCroacia derrota a la campeona de Europa, Espa\u00f1a, en f\u00fatbol sala\t\t\t\t\t\t\t\t\t<\/a>\n\t\t\t\t\t\t\t\t<\/h2>\n\t\t\t\t\t\t\t<\/div>\n\n\t\t\t\t\t\t\t\t\t\t\t\t\t\t<div class=\"post-excerpt-box\">\n\t\t\t\t\t\t\t\t<p>Croacia se clasific\u00f3 para los cuartos del Mundial gracias a una mejor ejecuci\u00f3n de los penaltis.<\/p>\n\t\t\t\t\t\t\t<\/div>\n\t\t\t\t\t\t\t\n\t\t\t\t\t\t\t<div class=\"post-bottom-meta-list\">\n\n\t\t\t\t\t\t\t\t\n\t\t\t\t\t\t\t\t<div class=\"meta-content\">\n\n\t\t\t\t\t\t\t\t\t\n\t\t\t\t\t\t\t\t\t\n\t\t\t\t\t\t\t\t<\/div>\n\t\t\t\t\t\t\t<\/div>\n\t\t\t\t\t\t<\/div>\n\t\t\t\t\t<\/div>\n\t\t\t\t<\/article>\n\t\t\t\n\t\t\t\t\t\t\n\t\t\t\t<article class=\"post-block-style-wrapper post-block-template-large\">\n\t\t\t\t\t<div class=\"post-block-style-inner\">\n\t\t\t\t\t\t<div class=\"post-block-media-wrap\">\n\t\t\t\t\t\t\t<a href=\"https:\/\/crolatam.com\/hrv\/filip-krovinovic-marca-su-primer-gol-con-el-gremio-brasileno\/\">\n\t\t\t\t\t\t\t\t<img decoding=\"async\" src=\"https:\/\/crolatam.com\/wp-content\/uploads\/2026\/08\/Krovinovic-Gremio.webp\" alt=\"Filip Krovinovi\u0107 marca su primer gol con el Gr\u00eamio brasile\u00f1o\">\n\t\t\t\t\t\t\t<\/a>\n\t\t\t\t\t\t<\/div>\n\t\t\t\t\t\t<div class=\"post-block-content-wrap\">\n\n\t\t\t\t\t\t\t\n\t\t\t\t\t\t\t<div class=\"post-item-title\">\n\t\t\t\t\t\t\t\t<h2 class=\"post-title\">\n\t\t\t\t\t\t\t\t\t<a href=\"https:\/\/crolatam.com\/hrv\/filip-krovinovic-marca-su-primer-gol-con-el-gremio-brasileno\/\">\n\t\t\t\t\t\t\t\t\t\tFilip Krovinovi\u0107 marca su primer gol con el Gr\u00eamio brasile\u00f1o\t\t\t\t\t\t\t\t\t<\/a>\n\t\t\t\t\t\t\t\t<\/h2>\n\t\t\t\t\t\t\t<\/div>\n\n\t\t\t\t\t\t\t\t\t\t\t\t\t\t<div class=\"post-excerpt-box\">\n\t\t\t\t\t\t\t\t<p>El futbolista croata ayud\u00f3 a su equipo a derrotar al Internacional por 3-1 en el partido de la Copa de Brasil.<\/p>\n\t\t\t\t\t\t\t<\/div>\n\t\t\t\t\t\t\t\n\t\t\t\t\t\t\t<div class=\"post-bottom-meta-list\">\n\n\t\t\t\t\t\t\t\t\n\t\t\t\t\t\t\t\t<div class=\"meta-content\">\n\n\t\t\t\t\t\t\t\t\t\n\t\t\t\t\t\t\t\t\t\n\t\t\t\t\t\t\t\t<\/div>\n\t\t\t\t\t\t\t<\/div>\n\t\t\t\t\t\t<\/div>\n\t\t\t\t\t<\/div>\n\t\t\t\t<\/article>\n\t\t\t\n\t\t\t\t\t    \t\t\t\t<\/div>\n\t\t\n\t\t\t\t\t<\/div>\n\t\t\t\t<\/div>\n\t\t\t\t\t<\/div>\n\t\t<\/div>\n\t\t\t\t\t<\/div>\n\t\t<\/section>\n\t\t\t\t<section class=\"elementor-section elementor-top-section elementor-element elementor-element-7b14e99 elementor-section-stretched elementor-section-boxed elementor-section-height-default elementor-section-height-default\" data-id=\"7b14e99\" data-element_type=\"section\" data-settings=\"{&quot;stretch_section&quot;:&quot;section-stretched&quot;}\">\n\t\t\t\t\t\t<div class=\"elementor-container elementor-column-gap-default\">\n\t\t\t\t\t<div class=\"elementor-column elementor-col-33 elementor-top-column elementor-element elementor-element-38bea60\" data-id=\"38bea60\" data-element_type=\"column\">\n\t\t\t<div class=\"elementor-widget-wrap elementor-element-populated\">\n\t\t\t\t\t\t<div class=\"elementor-element elementor-element-07081e8 elementor-widget elementor-widget-class-liberk-title-elementor-widget\" data-id=\"07081e8\" data-element_type=\"widget\" data-widget_type=\"class-liberk-title-elementor-widget.default\">\n\t\t\t\t<div class=\"elementor-widget-container\">\n\t\t\t\t\t\t\t\n\t\t<div class=\"kalliope-title section-title kalliope-title-widget\">\n\t\t\t<h2 class=\"title-block\">Ekonomija i financije<\/h2>\n\t\t<\/div>\n\n\t\t\t\t\t<\/div>\n\t\t\t\t<\/div>\n\t\t\t\t<div class=\"elementor-element elementor-element-5af26ac elementor-widget elementor-widget-post-block-template-counter\" data-id=\"5af26ac\" data-element_type=\"widget\" data-widget_type=\"post-block-template-counter.default\">\n\t\t\t\t<div class=\"elementor-widget-container\">\n\t\t\t\t\t\t\t\n        <div class=\"most-recent\">\n\n            \n            <div class=\"post-block-template-counter-wrapper\">\n\n                                    \t\t\t\t\t<article class=\"post-block-style-wrapper post-block-template-counter\">\n\t\t\t\t\t\t<div class=\"post-block-style-inner post-block-list-style-inner-counter\">\n\t\t\t\t\t\t\t<div class=\"post-block-number-wrap\">\n\t\t\t\t\t\t\t\t<span class=\"post-number-counter\">1<\/span>\n\t\t\t\t\t\t\t<\/div>\n\t\t\t\t\t\t\t<div class=\"post-block-content-wrap\">\n\n\t\t\t\t\t\t\t\t                                <div class=\"post-category-box\">\n                                     \n   \n\t \n\n\t\n\t<a class=\"news-cat_Name\" href=\"https:\/\/crolatam.com\/hrv\/category\/ciencia-e-innovacion\/\" style=\"color:#4353f3\">\n\t\tZnanost i inovacije\t<\/a>\n   \n\t\n\t<a class=\"news-cat_Name\" href=\"https:\/\/crolatam.com\/hrv\/category\/economia-y-negocios\/tecnologia-e-innovacion\/\" style=\"color:#4353f3\">\n\t\tTehnologija i inovacije\t<\/a>\n   \n\t                                <\/div>\n                                \n\t\t\t\t\t\t\t\t<div class=\"post-item-title\">\n\t\t\t\t\t\t\t\t\t<h2 class=\"post-title\">\n\t\t\t\t\t\t\t\t\t\t<a href=\"https:\/\/crolatam.com\/hrv\/el-experimento-croata-que-convirtio-a-las-abejas-en-detectoras-de-explosivos\/\">\n                                            El experimento croata que convirti\u00f3 a las abejas en detectoras de explosivos                                        <\/a>\n\t\t\t\t\t\t\t\t\t<\/h2>\n\t\t\t\t\t\t\t\t<\/div>\n\t\t\t\t\t\t\t\t<div class=\"post-bottom-meta-list\">\n\n\t\t\t\t\t\t\t\t\t\n\t\t\t\t\t\t\t\t\t\t\t\t\t\t\t\t\t<\/div>\n\t\t\t\t\t\t\t<\/div>\n\t\t\t\t\t\t<\/div>\n\t\t\t\t\t<\/article>\n\t\t\t\t\t<div class=\"section-divider\"><\/div>\n                    \t\t\t\t\t<article class=\"post-block-style-wrapper post-block-template-counter\">\n\t\t\t\t\t\t<div class=\"post-block-style-inner post-block-list-style-inner-counter\">\n\t\t\t\t\t\t\t<div class=\"post-block-number-wrap\">\n\t\t\t\t\t\t\t\t<span class=\"post-number-counter\">2<\/span>\n\t\t\t\t\t\t\t<\/div>\n\t\t\t\t\t\t\t<div class=\"post-block-content-wrap\">\n\n\t\t\t\t\t\t\t\t                                <div class=\"post-category-box\">\n                                     \n   \n\t \n\n\t\n\t<a class=\"news-cat_Name\" href=\"https:\/\/crolatam.com\/hrv\/category\/destacadas\/\" style=\"color:#4353f3\">\n\t\tIstaknuto\t<\/a>\n   \n\t\n\t<a class=\"news-cat_Name\" href=\"https:\/\/crolatam.com\/hrv\/category\/economia-y-negocios\/\" style=\"color:#4353f3\">\n\t\tGospodarstvo i poslovanje\t<\/a>\n   \n\t\n\t<a class=\"news-cat_Name\" href=\"https:\/\/crolatam.com\/hrv\/category\/economia-y-negocios\/tecnologia-e-innovacion\/\" style=\"color:#4353f3\">\n\t\tTehnologija i inovacije\t<\/a>\n   \n\t                                <\/div>\n                                \n\t\t\t\t\t\t\t\t<div class=\"post-item-title\">\n\t\t\t\t\t\t\t\t\t<h2 class=\"post-title\">\n\t\t\t\t\t\t\t\t\t\t<a href=\"https:\/\/crolatam.com\/hrv\/el-proyecto-croata-de-robotaxis-entra-en-evaluacion-final-y-verne-podria-devolver-e897-millones\/\">\n                                            El proyecto croata de robotaxis entra en evaluaci\u00f3n final y Verne podr\u00eda devolver \u20ac89,7 millones                                        <\/a>\n\t\t\t\t\t\t\t\t\t<\/h2>\n\t\t\t\t\t\t\t\t<\/div>\n\t\t\t\t\t\t\t\t<div class=\"post-bottom-meta-list\">\n\n\t\t\t\t\t\t\t\t\t\n\t\t\t\t\t\t\t\t\t\t\t\t\t\t\t\t\t<\/div>\n\t\t\t\t\t\t\t<\/div>\n\t\t\t\t\t\t<\/div>\n\t\t\t\t\t<\/article>\n\t\t\t\t\t<div class=\"section-divider\"><\/div>\n                    \t\t\t\t\t<article class=\"post-block-style-wrapper post-block-template-counter\">\n\t\t\t\t\t\t<div class=\"post-block-style-inner post-block-list-style-inner-counter\">\n\t\t\t\t\t\t\t<div class=\"post-block-number-wrap\">\n\t\t\t\t\t\t\t\t<span class=\"post-number-counter\">3<\/span>\n\t\t\t\t\t\t\t<\/div>\n\t\t\t\t\t\t\t<div class=\"post-block-content-wrap\">\n\n\t\t\t\t\t\t\t\t                                <div class=\"post-category-box\">\n                                     \n   \n\t \n\n\t\n\t<a class=\"news-cat_Name\" href=\"https:\/\/crolatam.com\/hrv\/category\/destacadas\/\" style=\"color:#4353f3\">\n\t\tIstaknuto\t<\/a>\n   \n\t\n\t<a class=\"news-cat_Name\" href=\"https:\/\/crolatam.com\/hrv\/category\/economia-y-negocios\/turismo\/\" style=\"color:#4353f3\">\n\t\tTurizam\t<\/a>\n   \n\t                                <\/div>\n                                \n\t\t\t\t\t\t\t\t<div class=\"post-item-title\">\n\t\t\t\t\t\t\t\t\t<h2 class=\"post-title\">\n\t\t\t\t\t\t\t\t\t\t<a href=\"https:\/\/crolatam.com\/hrv\/recorridos-turisticos-gratuitos-por-zagreb-en-septiembre\/\">\n                                            Recorridos tur\u00edsticos gratuitos por Zagreb en septiembre                                        <\/a>\n\t\t\t\t\t\t\t\t\t<\/h2>\n\t\t\t\t\t\t\t\t<\/div>\n\t\t\t\t\t\t\t\t<div class=\"post-bottom-meta-list\">\n\n\t\t\t\t\t\t\t\t\t\n\t\t\t\t\t\t\t\t\t\t\t\t\t\t\t\t\t<\/div>\n\t\t\t\t\t\t\t<\/div>\n\t\t\t\t\t\t<\/div>\n\t\t\t\t\t<\/article>\n\t\t\t\t\t<div class=\"section-divider\"><\/div>\n                                                        \n            <\/div>\n        <\/div>\n\t\n\t\t\t\t\t<\/div>\n\t\t\t\t<\/div>\n\t\t\t\t\t<\/div>\n\t\t<\/div>\n\t\t\t\t<div class=\"elementor-column elementor-col-66 elementor-top-column elementor-element elementor-element-001240b\" data-id=\"001240b\" data-element_type=\"column\">\n\t\t\t<div class=\"elementor-widget-wrap elementor-element-populated\">\n\t\t\t\t\t\t<div class=\"elementor-element elementor-element-3b4418c elementor-widget elementor-widget-post-block-template-medium\" data-id=\"3b4418c\" data-element_type=\"widget\" data-widget_type=\"post-block-template-medium.default\">\n\t\t\t\t<div class=\"elementor-widget-container\">\n\t\t\t\t\t\n\t\t\t<div class=\"most-recent\">\n\t\t\t\t<div class=\"row\">\n\t\t\t\t\t\n\t\t\t\t\t\t\t\t\t\t\t\t<div class=\"col-lg-6\">\n\t\t\t\t\t\t\t<article class=\"post-block-style-wrapper post-block-template-medium\">\n\t\t\t\t\t\t\t\t<div class=\"post-block-style-inner\">\n\t\t\t\t\t\t\t\t\t<div class=\"post-block-media-wrap\">\n\t\t\t\t\t\t\t\t\t\t<a href=\"https:\/\/crolatam.com\/hrv\/petroleo-y-gas-impulsan-las-exportaciones-croatas-hacia-europa-central\/\">\n\t\t\t\t\t\t\t\t\t\t\t<img decoding=\"async\" src=\"https:\/\/crolatam.com\/wp-content\/uploads\/2026\/08\/image-6.png\" alt=\"Petr\u00f3leo y gas impulsan las exportaciones croatas hacia Europa Central\">\n\t\t\t\t\t\t\t\t\t\t<\/a>\n\t\t\t\t\t\t\t\t\t<\/div>\n\t\t\t\t\t\t\t\t\t<div class=\"post-block-content-wrap\">\n\n\t\t\t\t\t\t\t\t\t\t\t\n\t\t\t\t\t\t\t\t\t\t<div class=\"post-category-box\">\n\t\t\t\t\t\t\t\t\t\t\t \n   \n\t \n\n\t\n\t<a class=\"news-cat_Name\" href=\"https:\/\/crolatam.com\/hrv\/category\/destacadas\/\" style=\"color:#4353f3\">\n\t\tIstaknuto\t<\/a>\n   \n\t\n\t<a class=\"news-cat_Name\" href=\"https:\/\/crolatam.com\/hrv\/category\/economia-y-negocios\/economia-y-finanzas\/\" style=\"color:#4353f3\">\n\t\tEkonomija i financije\t<\/a>\n   \n\t\n\t<a class=\"news-cat_Name\" href=\"https:\/\/crolatam.com\/hrv\/category\/economia-y-negocios\/\" style=\"color:#4353f3\">\n\t\tGospodarstvo i poslovanje\t<\/a>\n   \n\t\t\t\t\t\t\t\t\t\t\t<\/div>\n\t\t\t\t\t\t\t\t\t\t\n\t\t\t\t\t\t\t\t\t\t<div class=\"post-item-title\">\n\t\t\t\t\t\t\t\t\t\t\t<h2 class=\"post-title\">\n\t\t\t\t\t\t\t\t\t\t\t\t<a href=\"https:\/\/crolatam.com\/hrv\/petroleo-y-gas-impulsan-las-exportaciones-croatas-hacia-europa-central\/\">\n\t\t\t\t\t\t\t\t\t\t\t\t\tPetr\u00f3leo y gas impulsan las exportaciones croatas hacia Europa Central\t\t\t\t\t\t\t\t\t\t\t\t<\/a>\n\t\t\t\t\t\t\t\t\t\t\t<\/h2>\n\t\t\t\t\t\t\t\t\t\t<\/div>\n\n\t\t\t\t\t\t\t\t\t\t\t\t\t\t\t\t\t\t\t\t<div class=\"post-excerpt-box\">\n\t\t\t\t\t\t\t\t\t\t\t<p>Las exportaciones de mercanc\u00edas de Croacia crecieron un 11,5% en los primeros cinco meses de 2026, impulsadas principalmente por los productos energ\u00e9ticos. Las ventas hacia Hungr\u00eda aumentaron un 83% y las destinadas a Eslovaquia crecieron un 224%.<\/p>\n\t\t\t\t\t\t\t\t\t\t<\/div>\n\t\t\t\t\t\t\t\t\t\t\n\t\t\t\t\t\t\t\t\t\t<div class=\"post-bottom-meta-list bullet\">\n\n\t\t\t\t\t\t\t\t\t\t\t\t\t\t\t\t\t\t\t\t\t\t<div class=\"post-meta-author-box\">\n\t\t\t\t\t\t\t\t\t\t\t\t<span><span class=\"author-name\">Ines Vu\u010dko<\/span><\/span>\n\t\t\t\t\t\t\t\t\t\t\t<\/div>\n\t\t\t\t\t\t\t\t\t\t\t\n\t\t\t\t\t\t\t\t\t\t\t\t\t\t\t\t\t\t\t\t\t\t<div class=\"post-meta-date-box\">\n\t\t\t\t\t\t\t\t\t\t\t\t<span>kol 12, 2026<\/span>\n\t\t\t\t\t\t\t\t\t\t\t<\/div>\n\t\t\t\t\t\t\t\t\t\t\t\n\t\t\t\t\t\t\t\t\t\t<\/div>\n\t\t\t\t\t\t\t\t\t<\/div>\n\t\t\t\t\t\t\t\t<\/div>\n\t\t\t\t\t\t\t<\/article>\n\t\t\t\t\t\t<\/div>\n\t\t\t\t\t\t\t\t\t\t\t\t<div class=\"col-lg-6\">\n\t\t\t\t\t\t\t<article class=\"post-block-style-wrapper post-block-template-medium\">\n\t\t\t\t\t\t\t\t<div class=\"post-block-style-inner\">\n\t\t\t\t\t\t\t\t\t<div class=\"post-block-media-wrap\">\n\t\t\t\t\t\t\t\t\t\t<a href=\"https:\/\/crolatam.com\/hrv\/menos-desempleo-en-croacia-que-hace-un-ano\/\">\n\t\t\t\t\t\t\t\t\t\t\t<img decoding=\"async\" src=\"https:\/\/crolatam.com\/wp-content\/uploads\/2026\/08\/Empleo.jpg\" alt=\"Menos desempleo en Croacia que hace un a\u00f1o\">\n\t\t\t\t\t\t\t\t\t\t<\/a>\n\t\t\t\t\t\t\t\t\t<\/div>\n\t\t\t\t\t\t\t\t\t<div class=\"post-block-content-wrap\">\n\n\t\t\t\t\t\t\t\t\t\t\t\n\t\t\t\t\t\t\t\t\t\t<div class=\"post-category-box\">\n\t\t\t\t\t\t\t\t\t\t\t \n   \n\t \n\n\t\n\t<a class=\"news-cat_Name\" href=\"https:\/\/crolatam.com\/hrv\/category\/economia-y-negocios\/economia-y-finanzas\/\" style=\"color:#4353f3\">\n\t\tEkonomija i financije\t<\/a>\n   \n\t\n\t<a class=\"news-cat_Name\" href=\"https:\/\/crolatam.com\/hrv\/category\/economia-y-negocios\/\" style=\"color:#4353f3\">\n\t\tGospodarstvo i poslovanje\t<\/a>\n   \n\t\n\t<a class=\"news-cat_Name\" href=\"https:\/\/crolatam.com\/hrv\/category\/oportunidades-en-croacia\/insercion-laboral\/\" style=\"color:#4353f3\">\n\t\tZapo\u0161ljavanje\t<\/a>\n   \n\t\n\t<a class=\"news-cat_Name\" href=\"https:\/\/crolatam.com\/hrv\/category\/oportunidades-en-croacia\/migracion\/\" style=\"color:#4353f3\">\n\t\tMigracija\t<\/a>\n   \n\t\t\t\t\t\t\t\t\t\t\t<\/div>\n\t\t\t\t\t\t\t\t\t\t\n\t\t\t\t\t\t\t\t\t\t<div class=\"post-item-title\">\n\t\t\t\t\t\t\t\t\t\t\t<h2 class=\"post-title\">\n\t\t\t\t\t\t\t\t\t\t\t\t<a href=\"https:\/\/crolatam.com\/hrv\/menos-desempleo-en-croacia-que-hace-un-ano\/\">\n\t\t\t\t\t\t\t\t\t\t\t\t\tMenos desempleo en Croacia que hace un a\u00f1o\t\t\t\t\t\t\t\t\t\t\t\t<\/a>\n\t\t\t\t\t\t\t\t\t\t\t<\/h2>\n\t\t\t\t\t\t\t\t\t\t<\/div>\n\n\t\t\t\t\t\t\t\t\t\t\t\t\t\t\t\t\t\t\t\t<div class=\"post-excerpt-box\">\n\t\t\t\t\t\t\t\t\t\t\t<p>En julio hubo un 15 % menos de desempleados que en el mismo mes del a\u00f1o pasado.<\/p>\n\t\t\t\t\t\t\t\t\t\t<\/div>\n\t\t\t\t\t\t\t\t\t\t\n\t\t\t\t\t\t\t\t\t\t<div class=\"post-bottom-meta-list bullet\">\n\n\t\t\t\t\t\t\t\t\t\t\t\t\t\t\t\t\t\t\t\t\t\t<div class=\"post-meta-author-box\">\n\t\t\t\t\t\t\t\t\t\t\t\t<span><span class=\"author-name\">Miho Dobra\u0161in<\/span><\/span>\n\t\t\t\t\t\t\t\t\t\t\t<\/div>\n\t\t\t\t\t\t\t\t\t\t\t\n\t\t\t\t\t\t\t\t\t\t\t\t\t\t\t\t\t\t\t\t\t\t<div class=\"post-meta-date-box\">\n\t\t\t\t\t\t\t\t\t\t\t\t<span>kol 10, 2026<\/span>\n\t\t\t\t\t\t\t\t\t\t\t<\/div>\n\t\t\t\t\t\t\t\t\t\t\t\n\t\t\t\t\t\t\t\t\t\t<\/div>\n\t\t\t\t\t\t\t\t\t<\/div>\n\t\t\t\t\t\t\t\t<\/div>\n\t\t\t\t\t\t\t<\/article>\n\t\t\t\t\t\t<\/div>\n\t\t\t\t\t\t\t\t\t\t\t\t\t\t\t\t\t\t\t\t\t<\/div>\n\t\t\t<\/div>\n\n\t\t\t\t\t<\/div>\n\t\t\t\t<\/div>\n\t\t\t\t\t<\/div>\n\t\t<\/div>\n\t\t\t\t\t<\/div>\n\t\t<\/section>\n\t\t<div class=\"elementor-element elementor-element-4b99b0b e-flex e-con-boxed e-con e-parent\" data-id=\"4b99b0b\" data-element_type=\"container\">\n\t\t\t\t\t<div class=\"e-con-inner\">\n\t\t\t\t<div class=\"elementor-element elementor-element-bd94516 elementor-widget elementor-widget-shortcode\" data-id=\"bd94516\" data-element_type=\"widget\" data-widget_type=\"shortcode.default\">\n\t\t\t\t<div class=\"elementor-widget-container\">\n\t\t\t\t\t\t\t<div class=\"elementor-shortcode\"><div id=\"banner-home-desktop\"><a href=\"https:\/\/crolatam.com\/hrv\/\" aria-label=\"HORIZONTALNI TRANSPARENT 1 (1)\"><img fetchpriority=\"high\" decoding=\"async\" src=\"https:\/\/crolatam.com\/wp-content\/uploads\/2026\/06\/BANNER-HORIZONTAL-1-1.jpeg\" alt=\"\"  srcset=\"https:\/\/crolatam.com\/wp-content\/uploads\/2026\/06\/BANNER-HORIZONTAL-1-1.jpeg 1280w, https:\/\/crolatam.com\/wp-content\/uploads\/2026\/06\/BANNER-HORIZONTAL-1-1-300x94.jpeg 300w, https:\/\/crolatam.com\/wp-content\/uploads\/2026\/06\/BANNER-HORIZONTAL-1-1-1024x320.jpeg 1024w, https:\/\/crolatam.com\/wp-content\/uploads\/2026\/06\/BANNER-HORIZONTAL-1-1-768x240.jpeg 768w, https:\/\/crolatam.com\/wp-content\/uploads\/2026\/06\/BANNER-HORIZONTAL-1-1-18x6.jpeg 18w, https:\/\/crolatam.com\/wp-content\/uploads\/2026\/06\/BANNER-HORIZONTAL-1-1-600x188.jpeg 600w\" sizes=\"(max-width: 1280px) 100vw, 1280px\" width=\"1280\" height=\"400\"   \/><\/a><\/div><\/div>\n\t\t\t\t\t\t<\/div>\n\t\t\t\t<\/div>\n\t\t\t\t<div class=\"elementor-element elementor-element-2b8cc8d elementor-widget elementor-widget-shortcode\" data-id=\"2b8cc8d\" data-element_type=\"widget\" data-widget_type=\"shortcode.default\">\n\t\t\t\t<div class=\"elementor-widget-container\">\n\t\t\t\t\t\t\t<div class=\"elementor-shortcode\"><\/div>\n\t\t\t\t\t\t<\/div>\n\t\t\t\t<\/div>\n\t\t\t\t\t<\/div>\n\t\t\t\t<\/div>\n\t\t\t\t<section class=\"elementor-section elementor-top-section elementor-element elementor-element-a704590 elementor-section-stretched elementor-section-boxed elementor-section-height-default elementor-section-height-default\" data-id=\"a704590\" data-element_type=\"section\" data-settings=\"{&quot;stretch_section&quot;:&quot;section-stretched&quot;,&quot;background_background&quot;:&quot;classic&quot;}\">\n\t\t\t\t\t\t<div class=\"elementor-container elementor-column-gap-default\">\n\t\t\t\t\t<div class=\"elementor-column elementor-col-100 elementor-top-column elementor-element elementor-element-5e8299c\" data-id=\"5e8299c\" data-element_type=\"column\">\n\t\t\t<div class=\"elementor-widget-wrap elementor-element-populated\">\n\t\t\t\t\t\t<section class=\"elementor-section elementor-inner-section elementor-element elementor-element-07cea7f elementor-section-full_width elementor-section-height-default elementor-section-height-default\" data-id=\"07cea7f\" data-element_type=\"section\">\n\t\t\t\t\t\t<div class=\"elementor-container elementor-column-gap-default\">\n\t\t\t\t\t<div class=\"elementor-column elementor-col-100 elementor-inner-column elementor-element elementor-element-04cbd0b\" data-id=\"04cbd0b\" data-element_type=\"column\">\n\t\t\t<div class=\"elementor-widget-wrap elementor-element-populated\">\n\t\t\t\t\t\t<div class=\"elementor-element elementor-element-0c59e41 elementor-widget elementor-widget-class-liberk-title-elementor-widget\" data-id=\"0c59e41\" data-element_type=\"widget\" data-widget_type=\"class-liberk-title-elementor-widget.default\">\n\t\t\t\t<div class=\"elementor-widget-container\">\n\t\t\t\t\t\t\t\n\t\t<div class=\"kalliope-title section-title kalliope-title-widget\">\n\t\t\t<h2 class=\"title-block\">Politika <\/h2>\n\t\t<\/div>\n\n\t\t\t\t\t<\/div>\n\t\t\t\t<\/div>\n\t\t\t\t\t<\/div>\n\t\t<\/div>\n\t\t\t\t\t<\/div>\n\t\t<\/section>\n\t\t\t\t<section class=\"elementor-section elementor-inner-section elementor-element elementor-element-b135e77 elementor-section-full_width elementor-section-height-default elementor-section-height-default\" data-id=\"b135e77\" data-element_type=\"section\">\n\t\t\t\t\t\t<div class=\"elementor-container elementor-column-gap-default\">\n\t\t\t\t\t<div class=\"elementor-column elementor-col-100 elementor-inner-column elementor-element elementor-element-601f19b\" data-id=\"601f19b\" data-element_type=\"column\">\n\t\t\t<div class=\"elementor-widget-wrap elementor-element-populated\">\n\t\t\t\t\t\t<div class=\"elementor-element elementor-element-1c8c379 elementor-widget elementor-widget-post-block-template-medium\" data-id=\"1c8c379\" data-element_type=\"widget\" data-widget_type=\"post-block-template-medium.default\">\n\t\t\t\t<div class=\"elementor-widget-container\">\n\t\t\t\t\t\n\t\t\t<div class=\"most-recent\">\n\t\t\t\t<div class=\"row\">\n\t\t\t\t\t\n\t\t\t\t\t\t\t\t\t\t\t\t<div class=\"col-lg-4\">\n\t\t\t\t\t\t\t<article class=\"post-block-style-wrapper post-block-template-medium\">\n\t\t\t\t\t\t\t\t<div class=\"post-block-style-inner\">\n\t\t\t\t\t\t\t\t\t<div class=\"post-block-media-wrap\">\n\t\t\t\t\t\t\t\t\t\t<a href=\"https:\/\/crolatam.com\/hrv\/miles-de-personas-llegan-a-zagreb-por-el-escandalo-de-los-residuos-ilegales-en-lika\/\">\n\t\t\t\t\t\t\t\t\t\t\t<img decoding=\"async\" src=\"https:\/\/crolatam.com\/wp-content\/uploads\/2026\/09\/Lika-manifestacion.webp\" alt=\"Miles de personas llegan a Zagreb por el esc\u00e1ndalo de los residuos ilegales en Lika\">\n\t\t\t\t\t\t\t\t\t\t<\/a>\n\t\t\t\t\t\t\t\t\t<\/div>\n\t\t\t\t\t\t\t\t\t<div class=\"post-block-content-wrap\">\n\n\t\t\t\t\t\t\t\t\t\t\t\n\t\t\t\t\t\t\t\t\t\t<div class=\"post-category-box\">\n\t\t\t\t\t\t\t\t\t\t\t \n   \n\t \n\n\t\n\t<a class=\"news-cat_Name\" href=\"https:\/\/crolatam.com\/hrv\/category\/destacadas\/\" style=\"color:#4353f3\">\n\t\tIstaknuto\t<\/a>\n   \n\t\n\t<a class=\"news-cat_Name\" href=\"https:\/\/crolatam.com\/hrv\/category\/justicia\/\" style=\"color:#4353f3\">\n\t\tPravda\t<\/a>\n   \n\t\n\t<a class=\"news-cat_Name\" href=\"https:\/\/crolatam.com\/hrv\/category\/politica-y-sociedad\/politica-y-diplomacia\/\" style=\"color:#4353f3\">\n\t\tPolitika i diplomacija\t<\/a>\n   \n\t\t\t\t\t\t\t\t\t\t\t<\/div>\n\t\t\t\t\t\t\t\t\t\t\n\t\t\t\t\t\t\t\t\t\t<div class=\"post-item-title\">\n\t\t\t\t\t\t\t\t\t\t\t<h2 class=\"post-title\">\n\t\t\t\t\t\t\t\t\t\t\t\t<a href=\"https:\/\/crolatam.com\/hrv\/miles-de-personas-llegan-a-zagreb-por-el-escandalo-de-los-residuos-ilegales-en-lika\/\">\n\t\t\t\t\t\t\t\t\t\t\t\t\tMiles de personas llegan a Zagreb por el esc\u00e1ndalo de los residuos ilegales en Lika\t\t\t\t\t\t\t\t\t\t\t\t<\/a>\n\t\t\t\t\t\t\t\t\t\t\t<\/h2>\n\t\t\t\t\t\t\t\t\t\t<\/div>\n\n\t\t\t\t\t\t\t\t\t\t\n\t\t\t\t\t\t\t\t\t\t<div class=\"post-bottom-meta-list bullet\">\n\n\t\t\t\t\t\t\t\t\t\t\t\t\t\t\t\t\t\t\t\t\t\t<div class=\"post-meta-author-box\">\n\t\t\t\t\t\t\t\t\t\t\t\t<span><span class=\"author-name\">Miho Dobra\u0161in<\/span><\/span>\n\t\t\t\t\t\t\t\t\t\t\t<\/div>\n\t\t\t\t\t\t\t\t\t\t\t\n\t\t\t\t\t\t\t\t\t\t\t\t\t\t\t\t\t\t\t\t\t\t<div class=\"post-meta-date-box\">\n\t\t\t\t\t\t\t\t\t\t\t\t<span>ruj 4, 2026<\/span>\n\t\t\t\t\t\t\t\t\t\t\t<\/div>\n\t\t\t\t\t\t\t\t\t\t\t\n\t\t\t\t\t\t\t\t\t\t<\/div>\n\t\t\t\t\t\t\t\t\t<\/div>\n\t\t\t\t\t\t\t\t<\/div>\n\t\t\t\t\t\t\t<\/article>\n\t\t\t\t\t\t<\/div>\n\t\t\t\t\t\t\t\t\t\t\t\t<div class=\"col-lg-4\">\n\t\t\t\t\t\t\t<article class=\"post-block-style-wrapper post-block-template-medium\">\n\t\t\t\t\t\t\t\t<div class=\"post-block-style-inner\">\n\t\t\t\t\t\t\t\t\t<div class=\"post-block-media-wrap\">\n\t\t\t\t\t\t\t\t\t\t<a href=\"https:\/\/crolatam.com\/hrv\/croacia-registro-924-nacimientos-mas-en-los-primeros-siete-meses-de-2026\/\">\n\t\t\t\t\t\t\t\t\t\t\t<img decoding=\"async\" src=\"https:\/\/crolatam.com\/wp-content\/uploads\/2026\/09\/image-3.png\" alt=\"Croacia registr\u00f3 924 nacimientos m\u00e1s en los primeros siete meses de 2026\">\n\t\t\t\t\t\t\t\t\t\t<\/a>\n\t\t\t\t\t\t\t\t\t<\/div>\n\t\t\t\t\t\t\t\t\t<div class=\"post-block-content-wrap\">\n\n\t\t\t\t\t\t\t\t\t\t\t\n\t\t\t\t\t\t\t\t\t\t<div class=\"post-category-box\">\n\t\t\t\t\t\t\t\t\t\t\t \n   \n\t \n\n\t\n\t<a class=\"news-cat_Name\" href=\"https:\/\/crolatam.com\/hrv\/category\/destacadas\/\" style=\"color:#4353f3\">\n\t\tIstaknuto\t<\/a>\n   \n\t\n\t<a class=\"news-cat_Name\" href=\"https:\/\/crolatam.com\/hrv\/category\/politica-y-sociedad\/\" style=\"color:#4353f3\">\n\t\tPolitika i dru\u0161tvo\t<\/a>\n   \n\t\t\t\t\t\t\t\t\t\t\t<\/div>\n\t\t\t\t\t\t\t\t\t\t\n\t\t\t\t\t\t\t\t\t\t<div class=\"post-item-title\">\n\t\t\t\t\t\t\t\t\t\t\t<h2 class=\"post-title\">\n\t\t\t\t\t\t\t\t\t\t\t\t<a href=\"https:\/\/crolatam.com\/hrv\/croacia-registro-924-nacimientos-mas-en-los-primeros-siete-meses-de-2026\/\">\n\t\t\t\t\t\t\t\t\t\t\t\t\tCroacia registr\u00f3 924 nacimientos m\u00e1s en los primeros siete meses de 2026\t\t\t\t\t\t\t\t\t\t\t\t<\/a>\n\t\t\t\t\t\t\t\t\t\t\t<\/h2>\n\t\t\t\t\t\t\t\t\t\t<\/div>\n\n\t\t\t\t\t\t\t\t\t\t\n\t\t\t\t\t\t\t\t\t\t<div class=\"post-bottom-meta-list bullet\">\n\n\t\t\t\t\t\t\t\t\t\t\t\t\t\t\t\t\t\t\t\t\t\t<div class=\"post-meta-author-box\">\n\t\t\t\t\t\t\t\t\t\t\t\t<span><span class=\"author-name\">Ines Vu\u010dko<\/span><\/span>\n\t\t\t\t\t\t\t\t\t\t\t<\/div>\n\t\t\t\t\t\t\t\t\t\t\t\n\t\t\t\t\t\t\t\t\t\t\t\t\t\t\t\t\t\t\t\t\t\t<div class=\"post-meta-date-box\">\n\t\t\t\t\t\t\t\t\t\t\t\t<span>ruj 3, 2026<\/span>\n\t\t\t\t\t\t\t\t\t\t\t<\/div>\n\t\t\t\t\t\t\t\t\t\t\t\n\t\t\t\t\t\t\t\t\t\t<\/div>\n\t\t\t\t\t\t\t\t\t<\/div>\n\t\t\t\t\t\t\t\t<\/div>\n\t\t\t\t\t\t\t<\/article>\n\t\t\t\t\t\t<\/div>\n\t\t\t\t\t\t\t\t\t\t\t\t<div class=\"col-lg-4\">\n\t\t\t\t\t\t\t<article class=\"post-block-style-wrapper post-block-template-medium\">\n\t\t\t\t\t\t\t\t<div class=\"post-block-style-inner\">\n\t\t\t\t\t\t\t\t\t<div class=\"post-block-media-wrap\">\n\t\t\t\t\t\t\t\t\t\t<a href=\"https:\/\/crolatam.com\/hrv\/plenkovic-honores-a-mladic-alejarian-a-serbia-de-la-ue\/\">\n\t\t\t\t\t\t\t\t\t\t\t<img decoding=\"async\" src=\"https:\/\/crolatam.com\/wp-content\/uploads\/2026\/08\/Ratko-Mladic.jpg\" alt=\"Plenkovi\u0107: Honores a Mladi\u0107 alejar\u00edan a Serbia de la UE\">\n\t\t\t\t\t\t\t\t\t\t<\/a>\n\t\t\t\t\t\t\t\t\t<\/div>\n\t\t\t\t\t\t\t\t\t<div class=\"post-block-content-wrap\">\n\n\t\t\t\t\t\t\t\t\t\t\t\n\t\t\t\t\t\t\t\t\t\t<div class=\"post-category-box\">\n\t\t\t\t\t\t\t\t\t\t\t \n   \n\t \n\n\t\n\t<a class=\"news-cat_Name\" href=\"https:\/\/crolatam.com\/hrv\/category\/destacadas\/\" style=\"color:#4353f3\">\n\t\tIstaknuto\t<\/a>\n   \n\t\n\t<a class=\"news-cat_Name\" href=\"https:\/\/crolatam.com\/hrv\/category\/justicia\/\" style=\"color:#4353f3\">\n\t\tPravda\t<\/a>\n   \n\t\n\t<a class=\"news-cat_Name\" href=\"https:\/\/crolatam.com\/hrv\/category\/politica-y-sociedad\/politica-y-diplomacia\/\" style=\"color:#4353f3\">\n\t\tPolitika i diplomacija\t<\/a>\n   \n\t\t\t\t\t\t\t\t\t\t\t<\/div>\n\t\t\t\t\t\t\t\t\t\t\n\t\t\t\t\t\t\t\t\t\t<div class=\"post-item-title\">\n\t\t\t\t\t\t\t\t\t\t\t<h2 class=\"post-title\">\n\t\t\t\t\t\t\t\t\t\t\t\t<a href=\"https:\/\/crolatam.com\/hrv\/plenkovic-honores-a-mladic-alejarian-a-serbia-de-la-ue\/\">\n\t\t\t\t\t\t\t\t\t\t\t\t\tPlenkovi\u0107: Honores a Mladi\u0107 alejar\u00edan a Serbia de la UE\t\t\t\t\t\t\t\t\t\t\t\t<\/a>\n\t\t\t\t\t\t\t\t\t\t\t<\/h2>\n\t\t\t\t\t\t\t\t\t\t<\/div>\n\n\t\t\t\t\t\t\t\t\t\t\n\t\t\t\t\t\t\t\t\t\t<div class=\"post-bottom-meta-list bullet\">\n\n\t\t\t\t\t\t\t\t\t\t\t\t\t\t\t\t\t\t\t\t\t\t<div class=\"post-meta-author-box\">\n\t\t\t\t\t\t\t\t\t\t\t\t<span><span class=\"author-name\">Miho Dobra\u0161in<\/span><\/span>\n\t\t\t\t\t\t\t\t\t\t\t<\/div>\n\t\t\t\t\t\t\t\t\t\t\t\n\t\t\t\t\t\t\t\t\t\t\t\t\t\t\t\t\t\t\t\t\t\t<div class=\"post-meta-date-box\">\n\t\t\t\t\t\t\t\t\t\t\t\t<span>kol 31, 2026<\/span>\n\t\t\t\t\t\t\t\t\t\t\t<\/div>\n\t\t\t\t\t\t\t\t\t\t\t\n\t\t\t\t\t\t\t\t\t\t<\/div>\n\t\t\t\t\t\t\t\t\t<\/div>\n\t\t\t\t\t\t\t\t<\/div>\n\t\t\t\t\t\t\t<\/article>\n\t\t\t\t\t\t<\/div>\n\t\t\t\t\t\t\t\t\t\t\t\t\t\t\t\t\t\t\t\t\t<\/div>\n\t\t\t<\/div>\n\n\t\t\t\t\t<\/div>\n\t\t\t\t<\/div>\n\t\t\t\t\t<\/div>\n\t\t<\/div>\n\t\t\t\t\t<\/div>\n\t\t<\/section>\n\t\t\t\t\t<\/div>\n\t\t<\/div>\n\t\t\t\t\t<\/div>\n\t\t<\/section>\n\t\t\t\t<section class=\"elementor-section elementor-top-section elementor-element elementor-element-ac373f5 elementor-section-stretched elementor-section-boxed elementor-section-height-default elementor-section-height-default\" data-id=\"ac373f5\" data-element_type=\"section\" data-settings=\"{&quot;stretch_section&quot;:&quot;section-stretched&quot;}\">\n\t\t\t\t\t\t<div class=\"elementor-container elementor-column-gap-default\">\n\t\t\t\t\t<div class=\"elementor-column elementor-col-100 elementor-top-column elementor-element elementor-element-b8bc201\" data-id=\"b8bc201\" data-element_type=\"column\">\n\t\t\t<div class=\"elementor-widget-wrap elementor-element-populated\">\n\t\t\t\t\t\t<section class=\"elementor-section elementor-inner-section elementor-element elementor-element-06f3162 elementor-section-full_width elementor-section-height-default elementor-section-height-default\" data-id=\"06f3162\" data-element_type=\"section\">\n\t\t\t\t\t\t<div class=\"elementor-container elementor-column-gap-default\">\n\t\t\t\t\t<div class=\"elementor-column elementor-col-100 elementor-inner-column elementor-element elementor-element-7749a39\" data-id=\"7749a39\" data-element_type=\"column\">\n\t\t\t<div class=\"elementor-widget-wrap elementor-element-populated\">\n\t\t\t\t\t\t<div class=\"elementor-element elementor-element-fa39ed1 elementor-widget elementor-widget-class-liberk-title-elementor-widget\" data-id=\"fa39ed1\" data-element_type=\"widget\" data-widget_type=\"class-liberk-title-elementor-widget.default\">\n\t\t\t\t<div class=\"elementor-widget-container\">\n\t\t\t\t\t\t\t\n\t\t<div class=\"kalliope-title section-title kalliope-title-widget\">\n\t\t\t<h2 class=\"title-block\">Tvrtke i vanjska trgovina<\/h2>\n\t\t<\/div>\n\n\t\t\t\t\t<\/div>\n\t\t\t\t<\/div>\n\t\t\t\t\t<\/div>\n\t\t<\/div>\n\t\t\t\t\t<\/div>\n\t\t<\/section>\n\t\t\t\t<section class=\"elementor-section elementor-inner-section elementor-element elementor-element-5a775fa elementor-section-full_width elementor-section-height-default elementor-section-height-default\" data-id=\"5a775fa\" data-element_type=\"section\">\n\t\t\t\t\t\t<div class=\"elementor-container elementor-column-gap-default\">\n\t\t\t\t\t<div class=\"elementor-column elementor-col-50 elementor-inner-column elementor-element elementor-element-e433dc8\" data-id=\"e433dc8\" data-element_type=\"column\">\n\t\t\t<div class=\"elementor-widget-wrap elementor-element-populated\">\n\t\t\t\t\t\t<div class=\"elementor-element elementor-element-0c0f816 elementor-widget elementor-widget-post-block-template-large\" data-id=\"0c0f816\" data-element_type=\"widget\" data-widget_type=\"post-block-template-large.default\">\n\t\t\t\t<div class=\"elementor-widget-container\">\n\t\t\t\t\t\t\t\n\t\t\n\t\t\t\t\t\t<article class=\"post-block-style-wrapper post-block-template-large\">\n\t\t\t\t<div class=\"post-block-style-inner\">\n\t\t\t\t\t<div class=\"post-block-media-wrap\">\n\t\t\t\t\t\t<a href=\"https:\/\/crolatam.com\/hrv\/las-gasolineras-croatas-limitan-la-venta-de-combustible-en-temporada-turistica\/\">\n\t\t\t\t\t\t\t<img decoding=\"async\" src=\"https:\/\/crolatam.com\/wp-content\/uploads\/2026\/07\/AUTI.webp\" alt=\"Las gasolineras croatas limitan la venta de combustible en temporada tur\u00edstica\">\n\t\t\t\t\t\t<\/a>\n\t\t\t\t\t<\/div>\n\t\t\t\t\t<div class=\"post-block-content-wrap\">\n\n\t\t\t\t\t\t\t\n\t\t\t\t\t\t<div class=\"post-category-box\">\n\t\t\t\t\t\t\t<!-- <a href=\"category.html\" class=\"cat-text-4\">Business<\/a> -->\n\t\t\t\t\t\t\t \n   \n\t \n\n\t\n\t<a class=\"news-cat_Name\" href=\"https:\/\/crolatam.com\/hrv\/category\/destacadas\/\" style=\"color:#4353f3\">\n\t\tIstaknuto\t<\/a>\n   \n\t\n\t<a class=\"news-cat_Name\" href=\"https:\/\/crolatam.com\/hrv\/category\/economia-y-negocios\/empresas-y-comercio-exterior\/\" style=\"color:#4353f3\">\n\t\tTvrtke i vanjska trgovina\t<\/a>\n   \n\t\t\t\t\t\t\t<\/div>\n\t\t\t\t\t\t\n\t\t\t\t\t\t<div class=\"post-item-title\">\n\t\t\t\t\t\t\t<h2 class=\"post-title\">\n\t\t\t\t\t\t\t\t<a href=\"https:\/\/crolatam.com\/hrv\/las-gasolineras-croatas-limitan-la-venta-de-combustible-en-temporada-turistica\/\">\n\t\t\t\t\t\t\t\t\tLas gasolineras croatas limitan la venta de combustible en temporada tur\u00edstica\t\t\t\t\t\t\t\t<\/a>\n\t\t\t\t\t\t\t<\/h2>\n\t\t\t\t\t\t<\/div>\n\n\t\t\t\t\t\t\t\t\t\t\t\t<div class=\"post-excerpt-box\">\n\t\t\t\t\t\t\t<p>Las gasolineras limitaron a 300 litros el repostaje por veh\u00edculo ante la incertidumbre por el repunte de<\/p>\n\t\t\t\t\t\t<\/div>\n\t\t\t\t\t\t\n\t\t\t\t\t\t<div class=\"post-bottom-meta-list\">\n\n\t\t\t\t\t\t\t\n\t\t\t\t\t\t\t<div class=\"meta-content\">\n\n\t\t\t\t\t\t\t\t\n\t\t\t\t\t\t\t\t\t\t\t\t\t\t\t\t<div class=\"post-meta-date-box\">\n\t\t\t\t\t\t\t\t\t<span>srp 25, 2026<\/span>\n\t\t\t\t\t\t\t\t<\/div>\n\t\t\t\t\t\t\t\t\n\t\t\t\t\t\t\t<\/div>\n\t\t\t\t\t\t<\/div>\n\t\t\t\t\t<\/div>\n\t\t\t\t<\/div>\n\t\t\t<\/article>\n\t\t\t\t\t    \t\t\n\t\t\n\t\t\t\t\t<\/div>\n\t\t\t\t<\/div>\n\t\t\t\t\t<\/div>\n\t\t<\/div>\n\t\t\t\t<div class=\"elementor-column elementor-col-50 elementor-inner-column elementor-element elementor-element-853c46d\" data-id=\"853c46d\" data-element_type=\"column\">\n\t\t\t<div class=\"elementor-widget-wrap elementor-element-populated\">\n\t\t\t\t\t\t<div class=\"elementor-element elementor-element-0e9d155 elementor-widget elementor-widget-post-block-template-medium\" data-id=\"0e9d155\" data-element_type=\"widget\" data-widget_type=\"post-block-template-medium.default\">\n\t\t\t\t<div class=\"elementor-widget-container\">\n\t\t\t\t\t\n\t\t\t<div class=\"most-recent\">\n\t\t\t\t<div class=\"row\">\n\t\t\t\t\t\n\t\t\t\t\t\t\t\t\t\t\t\t<div class=\"col-lg-6\">\n\t\t\t\t\t\t\t<article class=\"post-block-style-wrapper post-block-template-medium\">\n\t\t\t\t\t\t\t\t<div class=\"post-block-style-inner\">\n\t\t\t\t\t\t\t\t\t<div class=\"post-block-media-wrap\">\n\t\t\t\t\t\t\t\t\t\t<a href=\"https:\/\/crolatam.com\/hrv\/panama-reducira-el-transito-de-buques-por-el-nino\/\">\n\t\t\t\t\t\t\t\t\t\t\t<img decoding=\"async\" src=\"https:\/\/crolatam.com\/wp-content\/uploads\/2026\/06\/IMG20260309153157-scaled.jpg\" alt=\"Panam\u00e1 reducir\u00e1 el tr\u00e1nsito de buques por El Ni\u00f1o\">\n\t\t\t\t\t\t\t\t\t\t<\/a>\n\t\t\t\t\t\t\t\t\t<\/div>\n\t\t\t\t\t\t\t\t\t<div class=\"post-block-content-wrap\">\n\n\t\t\t\t\t\t\t\t\t\t\t\n\t\t\t\t\t\t\t\t\t\t<div class=\"post-category-box\">\n\t\t\t\t\t\t\t\t\t\t\t \n   \n\t \n\n\t\n\t<a class=\"news-cat_Name\" href=\"https:\/\/crolatam.com\/hrv\/category\/destacadas\/\" style=\"color:#4353f3\">\n\t\tIstaknuto\t<\/a>\n   \n\t\n\t<a class=\"news-cat_Name\" href=\"https:\/\/crolatam.com\/hrv\/category\/economia-y-negocios\/empresas-y-comercio-exterior\/\" style=\"color:#4353f3\">\n\t\tTvrtke i vanjska trgovina\t<\/a>\n   \n\t\t\t\t\t\t\t\t\t\t\t<\/div>\n\t\t\t\t\t\t\t\t\t\t\n\t\t\t\t\t\t\t\t\t\t<div class=\"post-item-title\">\n\t\t\t\t\t\t\t\t\t\t\t<h2 class=\"post-title\">\n\t\t\t\t\t\t\t\t\t\t\t\t<a href=\"https:\/\/crolatam.com\/hrv\/panama-reducira-el-transito-de-buques-por-el-nino\/\">\n\t\t\t\t\t\t\t\t\t\t\t\t\tPanam\u00e1 reducir\u00e1 el tr\u00e1nsito de buques por El Ni\u00f1o\t\t\t\t\t\t\t\t\t\t\t\t<\/a>\n\t\t\t\t\t\t\t\t\t\t\t<\/h2>\n\t\t\t\t\t\t\t\t\t\t<\/div>\n\n\t\t\t\t\t\t\t\t\t\t\n\t\t\t\t\t\t\t\t\t\t<div class=\"post-bottom-meta-list bullet\">\n\n\t\t\t\t\t\t\t\t\t\t\t\t\t\t\t\t\t\t\t\t\t\t<div class=\"post-meta-author-box\">\n\t\t\t\t\t\t\t\t\t\t\t\t<span><span class=\"author-name\">Miho Dobra\u0161in<\/span><\/span>\n\t\t\t\t\t\t\t\t\t\t\t<\/div>\n\t\t\t\t\t\t\t\t\t\t\t\n\t\t\t\t\t\t\t\t\t\t\t\t\t\t\t\t\t\t\t\t\t\t<div class=\"post-meta-date-box\">\n\t\t\t\t\t\t\t\t\t\t\t\t<span>kol 30, 2026<\/span>\n\t\t\t\t\t\t\t\t\t\t\t<\/div>\n\t\t\t\t\t\t\t\t\t\t\t\n\t\t\t\t\t\t\t\t\t\t<\/div>\n\t\t\t\t\t\t\t\t\t<\/div>\n\t\t\t\t\t\t\t\t<\/div>\n\t\t\t\t\t\t\t<\/article>\n\t\t\t\t\t\t<\/div>\n\t\t\t\t\t\t\t\t\t\t\t\t<div class=\"col-lg-6\">\n\t\t\t\t\t\t\t<article class=\"post-block-style-wrapper post-block-template-medium\">\n\t\t\t\t\t\t\t\t<div class=\"post-block-style-inner\">\n\t\t\t\t\t\t\t\t\t<div class=\"post-block-media-wrap\">\n\t\t\t\t\t\t\t\t\t\t<a href=\"https:\/\/crolatam.com\/hrv\/la-empresa-croata-orqa-fue-seleccionada-como-proveedora-de-drones-fpv-para-el-ejercito-de-estados-unidos\/\">\n\t\t\t\t\t\t\t\t\t\t\t<img decoding=\"async\" src=\"https:\/\/crolatam.com\/wp-content\/uploads\/2026\/08\/image-15.png\" alt=\"La empresa croata Orqa fue seleccionada como proveedora de drones FPV para el Ej\u00e9rcito de Estados Unidos\">\n\t\t\t\t\t\t\t\t\t\t<\/a>\n\t\t\t\t\t\t\t\t\t<\/div>\n\t\t\t\t\t\t\t\t\t<div class=\"post-block-content-wrap\">\n\n\t\t\t\t\t\t\t\t\t\t\t\n\t\t\t\t\t\t\t\t\t\t<div class=\"post-category-box\">\n\t\t\t\t\t\t\t\t\t\t\t \n   \n\t \n\n\t\n\t<a class=\"news-cat_Name\" href=\"https:\/\/crolatam.com\/hrv\/category\/ciencia-e-innovacion\/\" style=\"color:#4353f3\">\n\t\tZnanost i inovacije\t<\/a>\n   \n\t\n\t<a class=\"news-cat_Name\" href=\"https:\/\/crolatam.com\/hrv\/category\/destacadas\/\" style=\"color:#4353f3\">\n\t\tIstaknuto\t<\/a>\n   \n\t\n\t<a class=\"news-cat_Name\" href=\"https:\/\/crolatam.com\/hrv\/category\/economia-y-negocios\/tecnologia-e-innovacion\/\" style=\"color:#4353f3\">\n\t\tTehnologija i inovacije\t<\/a>\n   \n\t\t\t\t\t\t\t\t\t\t\t<\/div>\n\t\t\t\t\t\t\t\t\t\t\n\t\t\t\t\t\t\t\t\t\t<div class=\"post-item-title\">\n\t\t\t\t\t\t\t\t\t\t\t<h2 class=\"post-title\">\n\t\t\t\t\t\t\t\t\t\t\t\t<a href=\"https:\/\/crolatam.com\/hrv\/la-empresa-croata-orqa-fue-seleccionada-como-proveedora-de-drones-fpv-para-el-ejercito-de-estados-unidos\/\">\n\t\t\t\t\t\t\t\t\t\t\t\t\tLa empresa croata Orqa fue seleccionada como proveedora de drones FPV para el Ej\u00e9rcito de Estados Unidos\t\t\t\t\t\t\t\t\t\t\t\t<\/a>\n\t\t\t\t\t\t\t\t\t\t\t<\/h2>\n\t\t\t\t\t\t\t\t\t\t<\/div>\n\n\t\t\t\t\t\t\t\t\t\t\n\t\t\t\t\t\t\t\t\t\t<div class=\"post-bottom-meta-list bullet\">\n\n\t\t\t\t\t\t\t\t\t\t\t\t\t\t\t\t\t\t\t\t\t\t<div class=\"post-meta-author-box\">\n\t\t\t\t\t\t\t\t\t\t\t\t<span><span class=\"author-name\">Ines Vu\u010dko<\/span><\/span>\n\t\t\t\t\t\t\t\t\t\t\t<\/div>\n\t\t\t\t\t\t\t\t\t\t\t\n\t\t\t\t\t\t\t\t\t\t\t\t\t\t\t\t\t\t\t\t\t\t<div class=\"post-meta-date-box\">\n\t\t\t\t\t\t\t\t\t\t\t\t<span>kol 26, 2026<\/span>\n\t\t\t\t\t\t\t\t\t\t\t<\/div>\n\t\t\t\t\t\t\t\t\t\t\t\n\t\t\t\t\t\t\t\t\t\t<\/div>\n\t\t\t\t\t\t\t\t\t<\/div>\n\t\t\t\t\t\t\t\t<\/div>\n\t\t\t\t\t\t\t<\/article>\n\t\t\t\t\t\t<\/div>\n\t\t\t\t\t\t\t\t\t\t\t\t<div class=\"col-lg-6\">\n\t\t\t\t\t\t\t<article class=\"post-block-style-wrapper post-block-template-medium\">\n\t\t\t\t\t\t\t\t<div class=\"post-block-style-inner\">\n\t\t\t\t\t\t\t\t\t<div class=\"post-block-media-wrap\">\n\t\t\t\t\t\t\t\t\t\t<a href=\"https:\/\/crolatam.com\/hrv\/redes-criminales-de-residuos-apuntan-a-paises-donde-las-sanciones-son-mas-leves\/\">\n\t\t\t\t\t\t\t\t\t\t\t<img decoding=\"async\" src=\"https:\/\/crolatam.com\/wp-content\/uploads\/2026\/08\/Gospic-residuos-peligrosos.jpg\" alt=\"Redes de residuos apuntan a pa\u00edses con sanciones m\u00e1s leves\">\n\t\t\t\t\t\t\t\t\t\t<\/a>\n\t\t\t\t\t\t\t\t\t<\/div>\n\t\t\t\t\t\t\t\t\t<div class=\"post-block-content-wrap\">\n\n\t\t\t\t\t\t\t\t\t\t\t\n\t\t\t\t\t\t\t\t\t\t<div class=\"post-category-box\">\n\t\t\t\t\t\t\t\t\t\t\t \n   \n\t \n\n\t\n\t<a class=\"news-cat_Name\" href=\"https:\/\/crolatam.com\/hrv\/category\/destacadas\/\" style=\"color:#4353f3\">\n\t\tIstaknuto\t<\/a>\n   \n\t\n\t<a class=\"news-cat_Name\" href=\"https:\/\/crolatam.com\/hrv\/category\/economia-y-negocios\/empresas-y-comercio-exterior\/\" style=\"color:#4353f3\">\n\t\tTvrtke i vanjska trgovina\t<\/a>\n   \n\t\t\t\t\t\t\t\t\t\t\t<\/div>\n\t\t\t\t\t\t\t\t\t\t\n\t\t\t\t\t\t\t\t\t\t<div class=\"post-item-title\">\n\t\t\t\t\t\t\t\t\t\t\t<h2 class=\"post-title\">\n\t\t\t\t\t\t\t\t\t\t\t\t<a href=\"https:\/\/crolatam.com\/hrv\/redes-criminales-de-residuos-apuntan-a-paises-donde-las-sanciones-son-mas-leves\/\">\n\t\t\t\t\t\t\t\t\t\t\t\t\tRedes de residuos apuntan a pa\u00edses con sanciones m\u00e1s leves\t\t\t\t\t\t\t\t\t\t\t\t<\/a>\n\t\t\t\t\t\t\t\t\t\t\t<\/h2>\n\t\t\t\t\t\t\t\t\t\t<\/div>\n\n\t\t\t\t\t\t\t\t\t\t\n\t\t\t\t\t\t\t\t\t\t<div class=\"post-bottom-meta-list bullet\">\n\n\t\t\t\t\t\t\t\t\t\t\t\t\t\t\t\t\t\t\t\t\t\t<div class=\"post-meta-author-box\">\n\t\t\t\t\t\t\t\t\t\t\t\t<span><span class=\"author-name\">Miho Dobra\u0161in<\/span><\/span>\n\t\t\t\t\t\t\t\t\t\t\t<\/div>\n\t\t\t\t\t\t\t\t\t\t\t\n\t\t\t\t\t\t\t\t\t\t\t\t\t\t\t\t\t\t\t\t\t\t<div class=\"post-meta-date-box\">\n\t\t\t\t\t\t\t\t\t\t\t\t<span>kol 20, 2026<\/span>\n\t\t\t\t\t\t\t\t\t\t\t<\/div>\n\t\t\t\t\t\t\t\t\t\t\t\n\t\t\t\t\t\t\t\t\t\t<\/div>\n\t\t\t\t\t\t\t\t\t<\/div>\n\t\t\t\t\t\t\t\t<\/div>\n\t\t\t\t\t\t\t<\/article>\n\t\t\t\t\t\t<\/div>\n\t\t\t\t\t\t\t\t\t\t\t\t<div class=\"col-lg-6\">\n\t\t\t\t\t\t\t<article class=\"post-block-style-wrapper post-block-template-medium\">\n\t\t\t\t\t\t\t\t<div class=\"post-block-style-inner\">\n\t\t\t\t\t\t\t\t\t<div class=\"post-block-media-wrap\">\n\t\t\t\t\t\t\t\t\t\t<a href=\"https:\/\/crolatam.com\/hrv\/air-china-inaugurara-una-nueva-ruta-zagreb-budapest-pekin\/\">\n\t\t\t\t\t\t\t\t\t\t\t<img decoding=\"async\" src=\"https:\/\/crolatam.com\/wp-content\/uploads\/2026\/08\/Air-China.webp\" alt=\"Air China inaugurar\u00e1 una nueva ruta Zagreb-Budapest-Pek\u00edn\">\n\t\t\t\t\t\t\t\t\t\t<\/a>\n\t\t\t\t\t\t\t\t\t<\/div>\n\t\t\t\t\t\t\t\t\t<div class=\"post-block-content-wrap\">\n\n\t\t\t\t\t\t\t\t\t\t\t\n\t\t\t\t\t\t\t\t\t\t<div class=\"post-category-box\">\n\t\t\t\t\t\t\t\t\t\t\t \n   \n\t \n\n\t\n\t<a class=\"news-cat_Name\" href=\"https:\/\/crolatam.com\/hrv\/category\/destacadas\/\" style=\"color:#4353f3\">\n\t\tIstaknuto\t<\/a>\n   \n\t\n\t<a class=\"news-cat_Name\" href=\"https:\/\/crolatam.com\/hrv\/category\/economia-y-negocios\/empresas-y-comercio-exterior\/\" style=\"color:#4353f3\">\n\t\tTvrtke i vanjska trgovina\t<\/a>\n   \n\t\t\t\t\t\t\t\t\t\t\t<\/div>\n\t\t\t\t\t\t\t\t\t\t\n\t\t\t\t\t\t\t\t\t\t<div class=\"post-item-title\">\n\t\t\t\t\t\t\t\t\t\t\t<h2 class=\"post-title\">\n\t\t\t\t\t\t\t\t\t\t\t\t<a href=\"https:\/\/crolatam.com\/hrv\/air-china-inaugurara-una-nueva-ruta-zagreb-budapest-pekin\/\">\n\t\t\t\t\t\t\t\t\t\t\t\t\tAir China inaugurar\u00e1 una nueva ruta Zagreb-Budapest-Pek\u00edn\t\t\t\t\t\t\t\t\t\t\t\t<\/a>\n\t\t\t\t\t\t\t\t\t\t\t<\/h2>\n\t\t\t\t\t\t\t\t\t\t<\/div>\n\n\t\t\t\t\t\t\t\t\t\t\n\t\t\t\t\t\t\t\t\t\t<div class=\"post-bottom-meta-list bullet\">\n\n\t\t\t\t\t\t\t\t\t\t\t\t\t\t\t\t\t\t\t\t\t\t<div class=\"post-meta-author-box\">\n\t\t\t\t\t\t\t\t\t\t\t\t<span><span class=\"author-name\">Miho Dobra\u0161in<\/span><\/span>\n\t\t\t\t\t\t\t\t\t\t\t<\/div>\n\t\t\t\t\t\t\t\t\t\t\t\n\t\t\t\t\t\t\t\t\t\t\t\t\t\t\t\t\t\t\t\t\t\t<div class=\"post-meta-date-box\">\n\t\t\t\t\t\t\t\t\t\t\t\t<span>kol 19, 2026<\/span>\n\t\t\t\t\t\t\t\t\t\t\t<\/div>\n\t\t\t\t\t\t\t\t\t\t\t\n\t\t\t\t\t\t\t\t\t\t<\/div>\n\t\t\t\t\t\t\t\t\t<\/div>\n\t\t\t\t\t\t\t\t<\/div>\n\t\t\t\t\t\t\t<\/article>\n\t\t\t\t\t\t<\/div>\n\t\t\t\t\t\t\t\t\t\t\t\t\t\t\t\t\t\t\t\t\t<\/div>\n\t\t\t<\/div>\n\n\t\t\t\t\t<\/div>\n\t\t\t\t<\/div>\n\t\t\t\t\t<\/div>\n\t\t<\/div>\n\t\t\t\t\t<\/div>\n\t\t<\/section>\n\t\t\t\t\t<\/div>\n\t\t<\/div>\n\t\t\t\t\t<\/div>\n\t\t<\/section>\n\t\t\t\t<section class=\"elementor-section elementor-top-section elementor-element elementor-element-a02b906 elementor-section-stretched elementor-section-boxed elementor-section-height-default elementor-section-height-default\" data-id=\"a02b906\" data-element_type=\"section\" data-settings=\"{&quot;stretch_section&quot;:&quot;section-stretched&quot;}\">\n\t\t\t\t\t\t<div class=\"elementor-container elementor-column-gap-default\">\n\t\t\t\t\t<div class=\"elementor-column elementor-col-100 elementor-top-column elementor-element elementor-element-6e4793e\" data-id=\"6e4793e\" data-element_type=\"column\">\n\t\t\t<div class=\"elementor-widget-wrap elementor-element-populated\">\n\t\t\t\t\t\t<div class=\"elementor-element elementor-element-1f2b15a elementor-widget-divider--view-line elementor-widget elementor-widget-divider\" data-id=\"1f2b15a\" data-element_type=\"widget\" data-widget_type=\"divider.default\">\n\t\t\t\t<div class=\"elementor-widget-container\">\n\t\t\t\t\t\t\t<div class=\"elementor-divider\">\n\t\t\t<span class=\"elementor-divider-separator\">\n\t\t\t\t\t\t<\/span>\n\t\t<\/div>\n\t\t\t\t\t\t<\/div>\n\t\t\t\t<\/div>\n\t\t\t\t\t<\/div>\n\t\t<\/div>\n\t\t\t\t\t<\/div>\n\t\t<\/section>\n\t\t\t\t<section class=\"elementor-section elementor-top-section elementor-element elementor-element-dd953ad elementor-section-stretched elementor-section-boxed elementor-section-height-default elementor-section-height-default\" data-id=\"dd953ad\" data-element_type=\"section\" data-settings=\"{&quot;stretch_section&quot;:&quot;section-stretched&quot;}\">\n\t\t\t\t\t\t<div class=\"elementor-container elementor-column-gap-default\">\n\t\t\t\t\t<div class=\"elementor-column elementor-col-100 elementor-top-column elementor-element elementor-element-beb3c4c\" data-id=\"beb3c4c\" data-element_type=\"column\">\n\t\t\t<div class=\"elementor-widget-wrap elementor-element-populated\">\n\t\t\t\t\t\t<section class=\"elementor-section elementor-inner-section elementor-element elementor-element-0e9970d elementor-section-full_width elementor-section-height-default elementor-section-height-default\" data-id=\"0e9970d\" data-element_type=\"section\">\n\t\t\t\t\t\t<div class=\"elementor-container elementor-column-gap-default\">\n\t\t\t\t\t<div class=\"elementor-column elementor-col-100 elementor-inner-column elementor-element elementor-element-3c36111\" data-id=\"3c36111\" data-element_type=\"column\">\n\t\t\t<div class=\"elementor-widget-wrap elementor-element-populated\">\n\t\t\t\t\t\t<div class=\"elementor-element elementor-element-26799e2 elementor-widget elementor-widget-class-liberk-title-elementor-widget\" data-id=\"26799e2\" data-element_type=\"widget\" data-widget_type=\"class-liberk-title-elementor-widget.default\">\n\t\t\t\t<div class=\"elementor-widget-container\">\n\t\t\t\t\t\t\t\n\t\t<div class=\"kalliope-title section-title kalliope-title-widget\">\n\t\t\t<h2 class=\"title-block\">Kultura i dru\u0161tvo<\/h2>\n\t\t<\/div>\n\n\t\t\t\t\t<\/div>\n\t\t\t\t<\/div>\n\t\t\t\t<div class=\"elementor-element elementor-element-dd6aad8 elementor-widget elementor-widget-post-block-template-list-single\" data-id=\"dd6aad8\" data-element_type=\"widget\" data-widget_type=\"post-block-template-list-single.default\">\n\t\t\t\t<div class=\"elementor-widget-container\">\n\t\t\t\t\t\n\t\t<div class=\"must-read-area\">\n\n\t\t\t\t\t\t\n\t\t\t<div class=\"row\">\n\t\t\t\t\t\t\t\t<div class=\"col-lg-12\">\n\t\t\t\t\t<article class=\"post-block-style-wrapper post-block-template-list post-block-template-list-single\">\n\t\t\t\t\t\t<div class=\"post-block-style-inner post-block-list-style-inner\">\n\t\t\t\t\t\t\t<div class=\"post-block-media-wrap\">\n\t\t\t\t\t\t\t\t<a href=\"https:\/\/crolatam.com\/hrv\/los-croatas-de-berisso-argentina-se-preparan-para-la-fiesta-del-inmigrante\/\">\n\t\t\t\t\t\t\t\t\t<img decoding=\"async\" src=\"https:\/\/crolatam.com\/wp-content\/uploads\/2026\/08\/Berisso-croatas.webp\" alt=\"Los croatas de Berisso, Argentina, se preparan para la Fiesta del Inmigrante\">\n\t\t\t\t\t\t\t\t<\/a>\n\t\t\t\t\t\t\t<\/div>\n\t\t\t\t\t\t\t<div class=\"post-block-content-wrap\">\n\n\t\t\t\t\t\t\t\t\t\t\t\t\t\t\t\t<div class=\"post-category-box\">\n\t\t\t\t\t\t\t\t\t \n   \n\t \n\n\t\n\t<a class=\"news-cat_Name\" href=\"https:\/\/crolatam.com\/hrv\/category\/destacadas\/\" style=\"color:#4353f3\">\n\t\tIstaknuto\t<\/a>\n   \n\t\n\t<a class=\"news-cat_Name\" href=\"https:\/\/crolatam.com\/hrv\/category\/oportunidades-en-croacia\/migracion\/\" style=\"color:#4353f3\">\n\t\tMigracija\t<\/a>\n   \n\t\n\t<a class=\"news-cat_Name\" href=\"https:\/\/crolatam.com\/hrv\/category\/migracion-y-diaspora\/\" style=\"color:#4353f3\">\n\t\tMigracije i dijaspora\t<\/a>\n   \n\t\t\t\t\t\t\t\t\t<\/div>\n\t\t\t\t\t\t\t\t\n\t\t\t\t\t\t\t\t<div class=\"post-item-title\">\n\t\t\t\t\t\t\t\t\t<h2 class=\"post-title\">\n\t\t\t\t\t\t\t\t\t\t<a href=\"https:\/\/crolatam.com\/hrv\/los-croatas-de-berisso-argentina-se-preparan-para-la-fiesta-del-inmigrante\/\">\n\t\t\t\t\t\t\t\t\t\t\tLos croatas de Berisso, Argentina, se preparan para la Fiesta del Inmigrante\t\t\t\t\t\t\t\t\t\t<\/a>\n\t\t\t\t\t\t\t\t\t<\/h2>\n\t\t\t\t\t\t\t\t<\/div>\n\n\t\t\t\t\t\t\t\t\t\t\t\t\t\t\t\t<div class=\"post-excerpt-box\">\n\t\t\t\t\t\t\t\t\t<p>Berisso est\u00e1 situado a 60 kil\u00f3metros al sudeste de la capital argentina, Buenos Aires, y a lo largo de su historia recibi\u00f3 a un gran n\u00famero de inmigrantes.<\/p>\n\t\t\t\t\t\t\t\t<\/div>\n\t\t\t\t\t\t\t\t\n\t\t\t\t\t\t\t\t<div class=\"post-bottom-meta-list\">\n\n\t\t\t\t\t\t\t\t\t\n\t\t\t\t\t\t\t\t\t<div class=\"meta-content\">\n\n\t\t\t\t\t\t\t\t\t\t\n\t\t\t\t\t\t\t\t\t\t\n\t\t\t\t\t\t\t\t\t<\/div>\n\t\t\t\t\t\t\t\t<\/div>\n\t\t\t\t\t\t\t<\/div>\n\t\t\t\t\t\t<\/div>\n\t\t\t\t\t<\/article>\n\t\t\t\t\t\t\t\t\t\t\t\t\t\t<\/div>\n\t\t\t<\/div>\n\t\t<\/div>\n\t\t\t\t\t<\/div>\n\t\t\t\t<\/div>\n\t\t\t\t\t<\/div>\n\t\t<\/div>\n\t\t\t\t\t<\/div>\n\t\t<\/section>\n\t\t\t\t<section class=\"elementor-section elementor-inner-section elementor-element elementor-element-9dd194c elementor-section-full_width elementor-section-height-default elementor-section-height-default\" data-id=\"9dd194c\" data-element_type=\"section\">\n\t\t\t\t\t\t<div class=\"elementor-container elementor-column-gap-default\">\n\t\t\t\t\t<div class=\"elementor-column elementor-col-100 elementor-inner-column elementor-element elementor-element-1495d0a\" data-id=\"1495d0a\" data-element_type=\"column\">\n\t\t\t<div class=\"elementor-widget-wrap elementor-element-populated\">\n\t\t\t\t\t\t<div class=\"elementor-element elementor-element-1fe3992 elementor-widget elementor-widget-post-block-template-list-grid-grid\" data-id=\"1fe3992\" data-element_type=\"widget\" data-widget_type=\"post-block-template-list-grid-grid.default\">\n\t\t\t\t<div class=\"elementor-widget-container\">\n\t\t\t\t\t\t\t\n        <div class=\"must-read-area\">\n\t\t\t<div class=\"row\">\n\n\t\t\t\t\t\t\t\t\t\t\t\t<div class=\"col-lg-4\">\n\t\t\t\t\t\t<article class=\"post-block-style-wrapper post-block-template-list post-block-template-list-grid\">\n\t\t\t\t\t\t\t<div class=\"post-block-style-inner post-block-list-style-inner\">\n\t\t\t\t\t\t\t\t<div class=\"post-block-media-wrap\">\n\t\t\t\t\t\t\t\t\t<a href=\"https:\/\/crolatam.com\/hrv\/croacia-y-jujuy-argentina-se-encuentran-a-traves-de-la-danza\/\">\n\t\t\t\t\t\t\t\t\t\t<img decoding=\"async\" src=\"https:\/\/crolatam.com\/wp-content\/uploads\/2026\/09\/Ana-Maria-Sonjic.webp\" alt=\"Croacia y Jujuy, Argentina, se encuentran a trav\u00e9s de la danza\">\n\t\t\t\t\t\t\t\t\t<\/a>\n\t\t\t\t\t\t\t\t<\/div>\n\t\t\t\t\t\t\t\t<div class=\"post-block-content-wrap\">\n\n\t\t\t\t\t\t\t\t\t\n\t\t\t\t\t\t\t\t\t<div class=\"post-item-title\">\n\t\t\t\t\t\t\t\t\t\t<h2 class=\"post-title\">\n\t\t\t\t\t\t\t\t\t\t\t<a href=\"https:\/\/crolatam.com\/hrv\/croacia-y-jujuy-argentina-se-encuentran-a-traves-de-la-danza\/\">\n\t\t\t\t\t\t\t\t\t\t\t\tCroacia y Jujuy, Argentina, se encuentran a trav\u00e9s de la danza\t\t\t\t\t\t\t\t\t\t\t<\/a>\n\t\t\t\t\t\t\t\t\t\t<\/h2>\n\t\t\t\t\t\t\t\t\t<\/div>\n\t\t\t\t\t\t\t\t\t<div class=\"post-bottom-meta-list bullet\">\n\n\t\t\t\t\t\t\t\t\t\t\n\t\t\t\t\t\t\t\t\t\t\n\t\t\t\t\t\t\t\t\t<\/div>\n\t\t\t\t\t\t\t\t<\/div>\n\t\t\t\t\t\t\t<\/div>\n\t\t\t\t\t\t<\/article>\n\t\t\t\t\t<\/div>\n\t\t\t\t\t\t\t\t\t<div class=\"col-lg-4\">\n\t\t\t\t\t\t<article class=\"post-block-style-wrapper post-block-template-list post-block-template-list-grid\">\n\t\t\t\t\t\t\t<div class=\"post-block-style-inner post-block-list-style-inner\">\n\t\t\t\t\t\t\t\t<div class=\"post-block-media-wrap\">\n\t\t\t\t\t\t\t\t\t<a href=\"https:\/\/crolatam.com\/hrv\/konavle-se-prepara-para-cinco-dias-de-tango-con-destacada-presencia-argentina\/\">\n\t\t\t\t\t\t\t\t\t\t<img decoding=\"async\" src=\"https:\/\/crolatam.com\/wp-content\/uploads\/2026\/09\/Tango.png\" alt=\"Konavle se prepara para cinco d\u00edas de tango con destacada presencia argentina\">\n\t\t\t\t\t\t\t\t\t<\/a>\n\t\t\t\t\t\t\t\t<\/div>\n\t\t\t\t\t\t\t\t<div class=\"post-block-content-wrap\">\n\n\t\t\t\t\t\t\t\t\t\n\t\t\t\t\t\t\t\t\t<div class=\"post-item-title\">\n\t\t\t\t\t\t\t\t\t\t<h2 class=\"post-title\">\n\t\t\t\t\t\t\t\t\t\t\t<a href=\"https:\/\/crolatam.com\/hrv\/konavle-se-prepara-para-cinco-dias-de-tango-con-destacada-presencia-argentina\/\">\n\t\t\t\t\t\t\t\t\t\t\t\tKonavle se prepara para cinco d\u00edas de tango con destacada presencia argentina\t\t\t\t\t\t\t\t\t\t\t<\/a>\n\t\t\t\t\t\t\t\t\t\t<\/h2>\n\t\t\t\t\t\t\t\t\t<\/div>\n\t\t\t\t\t\t\t\t\t<div class=\"post-bottom-meta-list bullet\">\n\n\t\t\t\t\t\t\t\t\t\t\n\t\t\t\t\t\t\t\t\t\t\n\t\t\t\t\t\t\t\t\t<\/div>\n\t\t\t\t\t\t\t\t<\/div>\n\t\t\t\t\t\t\t<\/div>\n\t\t\t\t\t\t<\/article>\n\t\t\t\t\t<\/div>\n\t\t\t\t\t\t\t\t\t<div class=\"col-lg-4\">\n\t\t\t\t\t\t<article class=\"post-block-style-wrapper post-block-template-list post-block-template-list-grid\">\n\t\t\t\t\t\t\t<div class=\"post-block-style-inner post-block-list-style-inner\">\n\t\t\t\t\t\t\t\t<div class=\"post-block-media-wrap\">\n\t\t\t\t\t\t\t\t\t<a href=\"https:\/\/crolatam.com\/hrv\/argentina-conmemora-el-dia-de-la-criminalistica-en-honor-a-juan-vucetich\/\">\n\t\t\t\t\t\t\t\t\t\t<img decoding=\"async\" src=\"https:\/\/crolatam.com\/wp-content\/uploads\/2026\/09\/juan-Vucetich.jpg\" alt=\"Argentina conmemora el D\u00eda de la Criminal\u00edstica en honor a Juan Vucetich\">\n\t\t\t\t\t\t\t\t\t<\/a>\n\t\t\t\t\t\t\t\t<\/div>\n\t\t\t\t\t\t\t\t<div class=\"post-block-content-wrap\">\n\n\t\t\t\t\t\t\t\t\t\n\t\t\t\t\t\t\t\t\t<div class=\"post-item-title\">\n\t\t\t\t\t\t\t\t\t\t<h2 class=\"post-title\">\n\t\t\t\t\t\t\t\t\t\t\t<a href=\"https:\/\/crolatam.com\/hrv\/argentina-conmemora-el-dia-de-la-criminalistica-en-honor-a-juan-vucetich\/\">\n\t\t\t\t\t\t\t\t\t\t\t\tArgentina conmemora el D\u00eda de la Criminal\u00edstica en honor a Juan Vucetich\t\t\t\t\t\t\t\t\t\t\t<\/a>\n\t\t\t\t\t\t\t\t\t\t<\/h2>\n\t\t\t\t\t\t\t\t\t<\/div>\n\t\t\t\t\t\t\t\t\t<div class=\"post-bottom-meta-list bullet\">\n\n\t\t\t\t\t\t\t\t\t\t\n\t\t\t\t\t\t\t\t\t\t\n\t\t\t\t\t\t\t\t\t<\/div>\n\t\t\t\t\t\t\t\t<\/div>\n\t\t\t\t\t\t\t<\/div>\n\t\t\t\t\t\t<\/article>\n\t\t\t\t\t<\/div>\n\t\t\t\t\t\t\t\t\t\t\t\t\t\t<\/div>\n        <\/div>\n\t\n\t\t\t\t\t<\/div>\n\t\t\t\t<\/div>\n\t\t\t\t\t<\/div>\n\t\t<\/div>\n\t\t\t\t\t<\/div>\n\t\t<\/section>\n\t\t\t\t\t<\/div>\n\t\t<\/div>\n\t\t\t\t\t<\/div>\n\t\t<\/section>\n\t\t\t\t<section class=\"elementor-section elementor-top-section elementor-element elementor-element-37d6226 elementor-section-stretched elementor-section-boxed elementor-section-height-default elementor-section-height-default\" data-id=\"37d6226\" data-element_type=\"section\" data-settings=\"{&quot;stretch_section&quot;:&quot;section-stretched&quot;,&quot;background_background&quot;:&quot;classic&quot;}\">\n\t\t\t\t\t\t<div class=\"elementor-container elementor-column-gap-default\">\n\t\t\t\t\t<div class=\"elementor-column elementor-col-100 elementor-top-column elementor-element elementor-element-9b35437\" data-id=\"9b35437\" data-element_type=\"column\">\n\t\t\t<div class=\"elementor-widget-wrap elementor-element-populated\">\n\t\t\t\t\t\t<section class=\"elementor-section elementor-inner-section elementor-element elementor-element-737eabb elementor-section-full_width elementor-section-height-default elementor-section-height-default\" data-id=\"737eabb\" data-element_type=\"section\">\n\t\t\t\t\t\t<div class=\"elementor-container elementor-column-gap-default\">\n\t\t\t\t\t<div class=\"elementor-column elementor-col-100 elementor-inner-column elementor-element elementor-element-44a1055\" data-id=\"44a1055\" data-element_type=\"column\">\n\t\t\t<div class=\"elementor-widget-wrap elementor-element-populated\">\n\t\t\t\t\t\t<div class=\"elementor-element elementor-element-400a56e elementor-widget elementor-widget-class-liberk-title-elementor-widget\" data-id=\"400a56e\" data-element_type=\"widget\" data-widget_type=\"class-liberk-title-elementor-widget.default\">\n\t\t\t\t<div class=\"elementor-widget-container\">\n\t\t\t\t\t\t\t\n\t\t<div class=\"kalliope-title section-title kalliope-title-widget\">\n\t\t\t<h2 class=\"title-block\">Tehnologija<\/h2>\n\t\t<\/div>\n\n\t\t\t\t\t<\/div>\n\t\t\t\t<\/div>\n\t\t\t\t<div class=\"elementor-element elementor-element-1b761ff elementor-widget elementor-widget-post-block-template-medium\" data-id=\"1b761ff\" data-element_type=\"widget\" data-widget_type=\"post-block-template-medium.default\">\n\t\t\t\t<div class=\"elementor-widget-container\">\n\t\t\t\t\t\n\t\t\t<div class=\"most-recent\">\n\t\t\t\t<div class=\"row\">\n\t\t\t\t\t\n\t\t\t\t\t\t\t\t\t\t\t\t<div class=\"col-lg-4\">\n\t\t\t\t\t\t\t<article class=\"post-block-style-wrapper post-block-template-medium\">\n\t\t\t\t\t\t\t\t<div class=\"post-block-style-inner\">\n\t\t\t\t\t\t\t\t\t<div class=\"post-block-media-wrap\">\n\t\t\t\t\t\t\t\t\t\t<a href=\"https:\/\/crolatam.com\/hrv\/el-experimento-croata-que-convirtio-a-las-abejas-en-detectoras-de-explosivos\/\">\n\t\t\t\t\t\t\t\t\t\t\t<img decoding=\"async\" src=\"https:\/\/crolatam.com\/wp-content\/uploads\/2026\/09\/abejas-Web.png\" alt=\"El experimento croata que convirti\u00f3 a las abejas en detectoras de explosivos\">\n\t\t\t\t\t\t\t\t\t\t<\/a>\n\t\t\t\t\t\t\t\t\t<\/div>\n\t\t\t\t\t\t\t\t\t<div class=\"post-block-content-wrap\">\n\n\t\t\t\t\t\t\t\t\t\t\t\n\t\t\t\t\t\t\t\t\t\t<div class=\"post-category-box\">\n\t\t\t\t\t\t\t\t\t\t\t \n   \n\t \n\n\t\n\t<a class=\"news-cat_Name\" href=\"https:\/\/crolatam.com\/hrv\/category\/ciencia-e-innovacion\/\" style=\"color:#4353f3\">\n\t\tZnanost i inovacije\t<\/a>\n   \n\t\n\t<a class=\"news-cat_Name\" href=\"https:\/\/crolatam.com\/hrv\/category\/economia-y-negocios\/tecnologia-e-innovacion\/\" style=\"color:#4353f3\">\n\t\tTehnologija i inovacije\t<\/a>\n   \n\t\t\t\t\t\t\t\t\t\t\t<\/div>\n\t\t\t\t\t\t\t\t\t\t\n\t\t\t\t\t\t\t\t\t\t<div class=\"post-item-title\">\n\t\t\t\t\t\t\t\t\t\t\t<h2 class=\"post-title\">\n\t\t\t\t\t\t\t\t\t\t\t\t<a href=\"https:\/\/crolatam.com\/hrv\/el-experimento-croata-que-convirtio-a-las-abejas-en-detectoras-de-explosivos\/\">\n\t\t\t\t\t\t\t\t\t\t\t\t\tEl experimento croata que convirti\u00f3 a las abejas en detectoras de explosivos\t\t\t\t\t\t\t\t\t\t\t\t<\/a>\n\t\t\t\t\t\t\t\t\t\t\t<\/h2>\n\t\t\t\t\t\t\t\t\t\t<\/div>\n\n\t\t\t\t\t\t\t\t\t\t\t\t\t\t\t\t\t\t\t\t<div class=\"post-excerpt-box\">\n\t\t\t\t\t\t\t\t\t\t\t<p>En 2013, un equipo de la Universidad de Zagreb explor\u00f3 el uso de abejas mel\u00edferas para reconocer rastros de TNT mediante su extraordinaria capacidad olfativa. M\u00e1s de una d\u00e9cada despu\u00e9s, el proyecto sigue siendo un caso singular de ciencia aplicada al desaf\u00edo del desminado.<\/p>\n\t\t\t\t\t\t\t\t\t\t<\/div>\n\t\t\t\t\t\t\t\t\t\t\n\t\t\t\t\t\t\t\t\t\t<div class=\"post-bottom-meta-list bullet\">\n\n\t\t\t\t\t\t\t\t\t\t\t\n\t\t\t\t\t\t\t\t\t\t\t\n\t\t\t\t\t\t\t\t\t\t<\/div>\n\t\t\t\t\t\t\t\t\t<\/div>\n\t\t\t\t\t\t\t\t<\/div>\n\t\t\t\t\t\t\t<\/article>\n\t\t\t\t\t\t<\/div>\n\t\t\t\t\t\t\t\t\t\t\t\t<div class=\"col-lg-4\">\n\t\t\t\t\t\t\t<article class=\"post-block-style-wrapper post-block-template-medium\">\n\t\t\t\t\t\t\t\t<div class=\"post-block-style-inner\">\n\t\t\t\t\t\t\t\t\t<div class=\"post-block-media-wrap\">\n\t\t\t\t\t\t\t\t\t\t<a href=\"https:\/\/crolatam.com\/hrv\/el-proyecto-croata-de-robotaxis-entra-en-evaluacion-final-y-verne-podria-devolver-e897-millones\/\">\n\t\t\t\t\t\t\t\t\t\t\t<img decoding=\"async\" src=\"https:\/\/crolatam.com\/wp-content\/uploads\/2026\/09\/image-4.png\" alt=\"El proyecto croata de robotaxis entra en evaluaci\u00f3n final y Verne podr\u00eda devolver \u20ac89,7 millones\">\n\t\t\t\t\t\t\t\t\t\t<\/a>\n\t\t\t\t\t\t\t\t\t<\/div>\n\t\t\t\t\t\t\t\t\t<div class=\"post-block-content-wrap\">\n\n\t\t\t\t\t\t\t\t\t\t\t\n\t\t\t\t\t\t\t\t\t\t<div class=\"post-category-box\">\n\t\t\t\t\t\t\t\t\t\t\t \n   \n\t \n\n\t\n\t<a class=\"news-cat_Name\" href=\"https:\/\/crolatam.com\/hrv\/category\/destacadas\/\" style=\"color:#4353f3\">\n\t\tIstaknuto\t<\/a>\n   \n\t\n\t<a class=\"news-cat_Name\" href=\"https:\/\/crolatam.com\/hrv\/category\/economia-y-negocios\/\" style=\"color:#4353f3\">\n\t\tGospodarstvo i poslovanje\t<\/a>\n   \n\t\n\t<a class=\"news-cat_Name\" href=\"https:\/\/crolatam.com\/hrv\/category\/economia-y-negocios\/tecnologia-e-innovacion\/\" style=\"color:#4353f3\">\n\t\tTehnologija i inovacije\t<\/a>\n   \n\t\t\t\t\t\t\t\t\t\t\t<\/div>\n\t\t\t\t\t\t\t\t\t\t\n\t\t\t\t\t\t\t\t\t\t<div class=\"post-item-title\">\n\t\t\t\t\t\t\t\t\t\t\t<h2 class=\"post-title\">\n\t\t\t\t\t\t\t\t\t\t\t\t<a href=\"https:\/\/crolatam.com\/hrv\/el-proyecto-croata-de-robotaxis-entra-en-evaluacion-final-y-verne-podria-devolver-e897-millones\/\">\n\t\t\t\t\t\t\t\t\t\t\t\t\tEl proyecto croata de robotaxis entra en evaluaci\u00f3n final y Verne podr\u00eda devolver \u20ac89,7 millones\t\t\t\t\t\t\t\t\t\t\t\t<\/a>\n\t\t\t\t\t\t\t\t\t\t\t<\/h2>\n\t\t\t\t\t\t\t\t\t\t<\/div>\n\n\t\t\t\t\t\t\t\t\t\t\t\t\t\t\t\t\t\t\t\t<div class=\"post-excerpt-box\">\n\t\t\t\t\t\t\t\t\t\t\t<p>La empresa Verne, parte del Rimac Group, concluy\u00f3 el per\u00edodo de ejecuci\u00f3n de su proyecto de robotaxis y deber\u00e1 presentar la documentaci\u00f3n final ante las autoridades. La compa\u00f1\u00eda afirm\u00f3 que devolver\u00e1 la totalidad de los fondos anticipados si se determina que no cumpli\u00f3 completamente con<\/p>\n\t\t\t\t\t\t\t\t\t\t<\/div>\n\t\t\t\t\t\t\t\t\t\t\n\t\t\t\t\t\t\t\t\t\t<div class=\"post-bottom-meta-list bullet\">\n\n\t\t\t\t\t\t\t\t\t\t\t\n\t\t\t\t\t\t\t\t\t\t\t\n\t\t\t\t\t\t\t\t\t\t<\/div>\n\t\t\t\t\t\t\t\t\t<\/div>\n\t\t\t\t\t\t\t\t<\/div>\n\t\t\t\t\t\t\t<\/article>\n\t\t\t\t\t\t<\/div>\n\t\t\t\t\t\t\t\t\t\t\t\t<div class=\"col-lg-4\">\n\t\t\t\t\t\t\t<article class=\"post-block-style-wrapper post-block-template-medium\">\n\t\t\t\t\t\t\t\t<div class=\"post-block-style-inner\">\n\t\t\t\t\t\t\t\t\t<div class=\"post-block-media-wrap\">\n\t\t\t\t\t\t\t\t\t\t<a href=\"https:\/\/crolatam.com\/hrv\/la-empresa-croata-orqa-fue-seleccionada-como-proveedora-de-drones-fpv-para-el-ejercito-de-estados-unidos\/\">\n\t\t\t\t\t\t\t\t\t\t\t<img decoding=\"async\" src=\"https:\/\/crolatam.com\/wp-content\/uploads\/2026\/08\/image-15.png\" alt=\"La empresa croata Orqa fue seleccionada como proveedora de drones FPV para el Ej\u00e9rcito de Estados Unidos\">\n\t\t\t\t\t\t\t\t\t\t<\/a>\n\t\t\t\t\t\t\t\t\t<\/div>\n\t\t\t\t\t\t\t\t\t<div class=\"post-block-content-wrap\">\n\n\t\t\t\t\t\t\t\t\t\t\t\n\t\t\t\t\t\t\t\t\t\t<div class=\"post-category-box\">\n\t\t\t\t\t\t\t\t\t\t\t \n   \n\t \n\n\t\n\t<a class=\"news-cat_Name\" href=\"https:\/\/crolatam.com\/hrv\/category\/ciencia-e-innovacion\/\" style=\"color:#4353f3\">\n\t\tZnanost i inovacije\t<\/a>\n   \n\t\n\t<a class=\"news-cat_Name\" href=\"https:\/\/crolatam.com\/hrv\/category\/destacadas\/\" style=\"color:#4353f3\">\n\t\tIstaknuto\t<\/a>\n   \n\t\n\t<a class=\"news-cat_Name\" href=\"https:\/\/crolatam.com\/hrv\/category\/economia-y-negocios\/tecnologia-e-innovacion\/\" style=\"color:#4353f3\">\n\t\tTehnologija i inovacije\t<\/a>\n   \n\t\t\t\t\t\t\t\t\t\t\t<\/div>\n\t\t\t\t\t\t\t\t\t\t\n\t\t\t\t\t\t\t\t\t\t<div class=\"post-item-title\">\n\t\t\t\t\t\t\t\t\t\t\t<h2 class=\"post-title\">\n\t\t\t\t\t\t\t\t\t\t\t\t<a href=\"https:\/\/crolatam.com\/hrv\/la-empresa-croata-orqa-fue-seleccionada-como-proveedora-de-drones-fpv-para-el-ejercito-de-estados-unidos\/\">\n\t\t\t\t\t\t\t\t\t\t\t\t\tLa empresa croata Orqa fue seleccionada como proveedora de drones FPV para el Ej\u00e9rcito de Estados Unidos\t\t\t\t\t\t\t\t\t\t\t\t<\/a>\n\t\t\t\t\t\t\t\t\t\t\t<\/h2>\n\t\t\t\t\t\t\t\t\t\t<\/div>\n\n\t\t\t\t\t\t\t\t\t\t\t\t\t\t\t\t\t\t\t\t<div class=\"post-excerpt-box\">\n\t\t\t\t\t\t\t\t\t\t\t<p>La Segunda Divisi\u00f3n de Infanter\u00eda del Ej\u00e9rcito estadounidense confirm\u00f3 un acuerdo para adquirir drones FPV de la empresa croata Orqa, con sede en Osijek. La compa\u00f1\u00eda fue elegida tras una evaluaci\u00f3n de varios proveedores y contin\u00faa ampliando su presencia en el mercado de defensa de<\/p>\n\t\t\t\t\t\t\t\t\t\t<\/div>\n\t\t\t\t\t\t\t\t\t\t\n\t\t\t\t\t\t\t\t\t\t<div class=\"post-bottom-meta-list bullet\">\n\n\t\t\t\t\t\t\t\t\t\t\t\n\t\t\t\t\t\t\t\t\t\t\t\n\t\t\t\t\t\t\t\t\t\t<\/div>\n\t\t\t\t\t\t\t\t\t<\/div>\n\t\t\t\t\t\t\t\t<\/div>\n\t\t\t\t\t\t\t<\/article>\n\t\t\t\t\t\t<\/div>\n\t\t\t\t\t\t\t\t\t\t\t\t\t\t\t\t\t\t\t\t\t<\/div>\n\t\t\t<\/div>\n\n\t\t\t\t\t<\/div>\n\t\t\t\t<\/div>\n\t\t\t\t\t<\/div>\n\t\t<\/div>\n\t\t\t\t\t<\/div>\n\t\t<\/section>\n\t\t\t\t\t<\/div>\n\t\t<\/div>\n\t\t\t\t\t<\/div>\n\t\t<\/section>\n\t\t\t\t<section class=\"elementor-section elementor-top-section elementor-element elementor-element-0272e58 elementor-section-stretched elementor-section-boxed elementor-section-height-default elementor-section-height-default\" data-id=\"0272e58\" data-element_type=\"section\" data-settings=\"{&quot;stretch_section&quot;:&quot;section-stretched&quot;}\">\n\t\t\t\t\t\t<div class=\"elementor-container elementor-column-gap-default\">\n\t\t\t\t\t<div class=\"elementor-column elementor-col-100 elementor-top-column elementor-element elementor-element-b0014ba\" data-id=\"b0014ba\" data-element_type=\"column\">\n\t\t\t<div class=\"elementor-widget-wrap elementor-element-populated\">\n\t\t\t\t\t\t<section class=\"elementor-section elementor-inner-section elementor-element elementor-element-10649f4 elementor-section-full_width elementor-section-height-default elementor-section-height-default\" data-id=\"10649f4\" data-element_type=\"section\">\n\t\t\t\t\t\t<div class=\"elementor-container elementor-column-gap-default\">\n\t\t\t\t\t<div class=\"elementor-column elementor-col-100 elementor-inner-column elementor-element elementor-element-cd6afed\" data-id=\"cd6afed\" data-element_type=\"column\">\n\t\t\t<div class=\"elementor-widget-wrap elementor-element-populated\">\n\t\t\t\t\t\t<div class=\"elementor-element elementor-element-d632081 elementor-widget elementor-widget-class-liberk-title-elementor-widget\" data-id=\"d632081\" data-element_type=\"widget\" data-widget_type=\"class-liberk-title-elementor-widget.default\">\n\t\t\t\t<div class=\"elementor-widget-container\">\n\t\t\t\t\t\t\t\n\t\t<div class=\"kalliope-title section-title kalliope-title-widget\">\n\t\t\t<h2 class=\"title-block\">Turizam<\/h2>\n\t\t<\/div>\n\n\t\t\t\t\t<\/div>\n\t\t\t\t<\/div>\n\t\t\t\t\t<\/div>\n\t\t<\/div>\n\t\t\t\t\t<\/div>\n\t\t<\/section>\n\t\t\t\t<section class=\"elementor-section elementor-inner-section elementor-element elementor-element-1afa120 elementor-section-full_width elementor-section-height-default elementor-section-height-default\" data-id=\"1afa120\" data-element_type=\"section\">\n\t\t\t\t\t\t<div class=\"elementor-container elementor-column-gap-default\">\n\t\t\t\t\t<div class=\"elementor-column elementor-col-50 elementor-inner-column elementor-element elementor-element-15ed4db\" data-id=\"15ed4db\" data-element_type=\"column\">\n\t\t\t<div class=\"elementor-widget-wrap elementor-element-populated\">\n\t\t\t\t\t\t<div class=\"elementor-element elementor-element-7952a6e elementor-widget elementor-widget-post-block-template-large\" data-id=\"7952a6e\" data-element_type=\"widget\" data-widget_type=\"post-block-template-large.default\">\n\t\t\t\t<div class=\"elementor-widget-container\">\n\t\t\t\t\t\t\t\n\t\t\n\t\t\t\t\t\t<article class=\"post-block-style-wrapper post-block-template-large\">\n\t\t\t\t<div class=\"post-block-style-inner\">\n\t\t\t\t\t<div class=\"post-block-media-wrap\">\n\t\t\t\t\t\t<a href=\"https:\/\/crolatam.com\/hrv\/recorridos-turisticos-gratuitos-por-zagreb-en-septiembre\/\">\n\t\t\t\t\t\t\t<img decoding=\"async\" src=\"https:\/\/crolatam.com\/wp-content\/uploads\/2026\/09\/Zagreb.jpg\" alt=\"Recorridos tur\u00edsticos gratuitos por Zagreb en septiembre\">\n\t\t\t\t\t\t<\/a>\n\t\t\t\t\t<\/div>\n\t\t\t\t\t<div class=\"post-block-content-wrap\">\n\n\t\t\t\t\t\t\t\n\t\t\t\t\t\t<div class=\"post-category-box\">\n\t\t\t\t\t\t\t<!-- <a href=\"category.html\" class=\"cat-text-4\">Business<\/a> -->\n\t\t\t\t\t\t\t \n   \n\t \n\n\t\n\t<a class=\"news-cat_Name\" href=\"https:\/\/crolatam.com\/hrv\/category\/destacadas\/\" style=\"color:#4353f3\">\n\t\tIstaknuto\t<\/a>\n   \n\t\n\t<a class=\"news-cat_Name\" href=\"https:\/\/crolatam.com\/hrv\/category\/economia-y-negocios\/turismo\/\" style=\"color:#4353f3\">\n\t\tTurizam\t<\/a>\n   \n\t\t\t\t\t\t\t<\/div>\n\t\t\t\t\t\t\n\t\t\t\t\t\t<div class=\"post-item-title\">\n\t\t\t\t\t\t\t<h2 class=\"post-title\">\n\t\t\t\t\t\t\t\t<a href=\"https:\/\/crolatam.com\/hrv\/recorridos-turisticos-gratuitos-por-zagreb-en-septiembre\/\">\n\t\t\t\t\t\t\t\t\tRecorridos tur\u00edsticos gratuitos por Zagreb en septiembre\t\t\t\t\t\t\t\t<\/a>\n\t\t\t\t\t\t\t<\/h2>\n\t\t\t\t\t\t<\/div>\n\n\t\t\t\t\t\t\t\t\t\t\t\t<div class=\"post-excerpt-box\">\n\t\t\t\t\t\t\t<p>Los recorridos se realizar\u00e1n los s\u00e1bados y domingos y ser\u00e1 obligatorio inscribirse previamente para reservar una plaza.<\/p>\n\t\t\t\t\t\t<\/div>\n\t\t\t\t\t\t\n\t\t\t\t\t\t<div class=\"post-bottom-meta-list\">\n\n\t\t\t\t\t\t\t\n\t\t\t\t\t\t\t<div class=\"meta-content\">\n\n\t\t\t\t\t\t\t\t\n\t\t\t\t\t\t\t\t\t\t\t\t\t\t\t\t<div class=\"post-meta-date-box\">\n\t\t\t\t\t\t\t\t\t<span>ruj 1, 2026<\/span>\n\t\t\t\t\t\t\t\t<\/div>\n\t\t\t\t\t\t\t\t\n\t\t\t\t\t\t\t<\/div>\n\t\t\t\t\t\t<\/div>\n\t\t\t\t\t<\/div>\n\t\t\t\t<\/div>\n\t\t\t<\/article>\n\t\t\t\t\t    \t\t\n\t\t\n\t\t\t\t\t<\/div>\n\t\t\t\t<\/div>\n\t\t\t\t\t<\/div>\n\t\t<\/div>\n\t\t\t\t<div class=\"elementor-column elementor-col-50 elementor-inner-column elementor-element elementor-element-e9ef810\" data-id=\"e9ef810\" data-element_type=\"column\">\n\t\t\t<div class=\"elementor-widget-wrap elementor-element-populated\">\n\t\t\t\t\t\t<div class=\"elementor-element elementor-element-7ecc5dd elementor-widget elementor-widget-post-block-template-list-large\" data-id=\"7ecc5dd\" data-element_type=\"widget\" data-widget_type=\"post-block-template-list-large.default\">\n\t\t\t\t<div class=\"elementor-widget-container\">\n\t\t\t\t\t\n\t\t<div class=\"editors-choice-area\">\n\t\t\t<div class=\"post-block-template-list-large-wrapper\">\n\n\t\t\t\t\t\t\t\t\t\t\t<article class=\"post-block-style-wrapper post-block-template-list post-block-template-list-large\">\n\t\t\t\t\t<div class=\"post-block-style-inner post-block-list-style-inner\">\n\t\t\t\t\t\t<div class=\"post-block-content-wrap\">\n\n\t\t\t\t\t\t\t\t\t\t\t\t\t\t<div class=\"post-category-box\">\n\t\t\t\t\t\t\t\t \n   \n\t \n\n\t\n\t<a class=\"news-cat_Name\" href=\"https:\/\/crolatam.com\/hrv\/category\/destacadas\/\" style=\"color:#4353f3\">\n\t\tIstaknuto\t<\/a>\n   \n\t\n\t<a class=\"news-cat_Name\" href=\"https:\/\/crolatam.com\/hrv\/category\/oportunidades-en-croacia\/migracion\/\" style=\"color:#4353f3\">\n\t\tMigracija\t<\/a>\n   \n\t\n\t<a class=\"news-cat_Name\" href=\"https:\/\/crolatam.com\/hrv\/category\/migracion-y-diaspora\/\" style=\"color:#4353f3\">\n\t\tMigracije i dijaspora\t<\/a>\n   \n\t\t\t\t\t\t\t\t<\/div>\n\t\t\t\t\t\t\t\n\t\t\t\t\t\t\t<div class=\"post-item-title\">\n\t\t\t\t\t\t\t\t<h2 class=\"post-title\">\n\t\t\t\t\t\t\t\t\t<a href=\"https:\/\/crolatam.com\/hrv\/argentina-conmemora-el-dia-de-la-criminalistica-en-honor-a-juan-vucetich\/\">\n\t\t\t\t\t\t\t\t\t\tArgentina conmemora el D\u00eda de la Criminal\u00edstica en honor a Juan Vucetich\t\t\t\t\t\t\t\t\t<\/a>\n\t\t\t\t\t\t\t\t<\/h2>\n\t\t\t\t\t\t\t<\/div>\n\n\t\t\t\t\t\t\t\t\t\t\t\t\t\t<div class=\"post-excerpt-box\">\n\t\t\t\t\t\t\t\t<p>El inmigrante croata hace 135 a\u00f1os introdujo en ese pa\u00eds sudamericano un m\u00e9todo de identificaci\u00f3n de personas mediante huellas dactilares.<\/p>\n\t\t\t\t\t\t\t<\/div>\n\t\t\t\t\t\t\t\n\t\t\t\t\t\t\t<div class=\"post-bottom-meta-list\">\n\n\t\t\t\t\t\t\t\t\t\t\t\t\t\t\t\t\t\t\t\t\t\t\t\t\t\n\t\t\t\t\t\t\t\t<div class=\"meta-content\">\n\n\t\t\t\t\t\t\t\t\t\t\t\t\t\t\t\t\t\t\t\t\t\t\t\t\t\t\t\t\n\t\t\t\t\t\t\t\t\t\t\t\t\t\t\t\t\t\t<div class=\"post-meta-date-box\">\n\t\t\t\t\t\t\t\t\t\t<span>ruj 1, 2026<\/span>\n\t\t\t\t\t\t\t\t\t<\/div>\n\t\t\t\t\t\t\t\t\t\n\t\t\t\t\t\t\t\t<\/div>\n\t\t\t\t\t\t\t<\/div>\n\t\t\t\t\t\t<\/div>\n\t\t\t\t\t\t<div class=\"post-block-media-wrap\">\n\t\t\t\t\t\t\t<a href=\"https:\/\/crolatam.com\/hrv\/argentina-conmemora-el-dia-de-la-criminalistica-en-honor-a-juan-vucetich\/\">\n\t\t\t\t\t\t\t\t<img decoding=\"async\" src=\"https:\/\/crolatam.com\/wp-content\/uploads\/2026\/09\/juan-Vucetich.jpg\" alt=\"Argentina conmemora el D\u00eda de la Criminal\u00edstica en honor a Juan Vucetich\">\n\t\t\t\t\t\t\t<\/a>\n\t\t\t\t\t\t<\/div>\n\t\t\t\t\t<\/div>\n\t\t\t\t<\/article>\n\n\t\t\t\t\t\t\t\t<div class=\"section-divider\"><\/div>\n\t\t\t\t\n\t\t\t\t\t\t\t\t<article class=\"post-block-style-wrapper post-block-template-list post-block-template-list-large\">\n\t\t\t\t\t<div class=\"post-block-style-inner post-block-list-style-inner\">\n\t\t\t\t\t\t<div class=\"post-block-content-wrap\">\n\n\t\t\t\t\t\t\t\t\t\t\t\t\t\t<div class=\"post-category-box\">\n\t\t\t\t\t\t\t\t \n   \n\t \n\n\t\n\t<a class=\"news-cat_Name\" href=\"https:\/\/crolatam.com\/hrv\/category\/destacadas\/\" style=\"color:#4353f3\">\n\t\tIstaknuto\t<\/a>\n   \n\t\n\t<a class=\"news-cat_Name\" href=\"https:\/\/crolatam.com\/hrv\/category\/oportunidades-en-croacia\/migracion\/\" style=\"color:#4353f3\">\n\t\tMigracija\t<\/a>\n   \n\t\n\t<a class=\"news-cat_Name\" href=\"https:\/\/crolatam.com\/hrv\/category\/migracion-y-diaspora\/\" style=\"color:#4353f3\">\n\t\tMigracije i dijaspora\t<\/a>\n   \n\t\t\t\t\t\t\t\t<\/div>\n\t\t\t\t\t\t\t\n\t\t\t\t\t\t\t<div class=\"post-item-title\">\n\t\t\t\t\t\t\t\t<h2 class=\"post-title\">\n\t\t\t\t\t\t\t\t\t<a href=\"https:\/\/crolatam.com\/hrv\/los-croatas-de-berisso-argentina-se-preparan-para-la-fiesta-del-inmigrante\/\">\n\t\t\t\t\t\t\t\t\t\tLos croatas de Berisso, Argentina, se preparan para la Fiesta del Inmigrante\t\t\t\t\t\t\t\t\t<\/a>\n\t\t\t\t\t\t\t\t<\/h2>\n\t\t\t\t\t\t\t<\/div>\n\n\t\t\t\t\t\t\t\t\t\t\t\t\t\t<div class=\"post-excerpt-box\">\n\t\t\t\t\t\t\t\t<p>Berisso est\u00e1 situado a 60 kil\u00f3metros al sudeste de la capital argentina, Buenos Aires, y a lo largo de su historia recibi\u00f3 a un gran n\u00famero de inmigrantes.<\/p>\n\t\t\t\t\t\t\t<\/div>\n\t\t\t\t\t\t\t\n\t\t\t\t\t\t\t<div class=\"post-bottom-meta-list\">\n\n\t\t\t\t\t\t\t\t\t\t\t\t\t\t\t\t\t\t\t\t\t\t\t\t\t\n\t\t\t\t\t\t\t\t<div class=\"meta-content\">\n\n\t\t\t\t\t\t\t\t\t\t\t\t\t\t\t\t\t\t\t\t\t\t\t\t\t\t\t\t\n\t\t\t\t\t\t\t\t\t\t\t\t\t\t\t\t\t\t<div class=\"post-meta-date-box\">\n\t\t\t\t\t\t\t\t\t\t<span>kol 29, 2026<\/span>\n\t\t\t\t\t\t\t\t\t<\/div>\n\t\t\t\t\t\t\t\t\t\n\t\t\t\t\t\t\t\t<\/div>\n\t\t\t\t\t\t\t<\/div>\n\t\t\t\t\t\t<\/div>\n\t\t\t\t\t\t<div class=\"post-block-media-wrap\">\n\t\t\t\t\t\t\t<a href=\"https:\/\/crolatam.com\/hrv\/los-croatas-de-berisso-argentina-se-preparan-para-la-fiesta-del-inmigrante\/\">\n\t\t\t\t\t\t\t\t<img decoding=\"async\" src=\"https:\/\/crolatam.com\/wp-content\/uploads\/2026\/08\/Berisso-croatas.webp\" alt=\"Los croatas de Berisso, Argentina, se preparan para la Fiesta del Inmigrante\">\n\t\t\t\t\t\t\t<\/a>\n\t\t\t\t\t\t<\/div>\n\t\t\t\t\t<\/div>\n\t\t\t\t<\/article>\n\n\t\t\t\t\t\t\t\t<div class=\"section-divider\"><\/div>\n\t\t\t\t\n\t\t\t\t\t\t\t\t\t\t\t\n\t\t\t<\/div>\n\t\t<\/div>\n\t\t\t\t\t<\/div>\n\t\t\t\t<\/div>\n\t\t\t\t\t<\/div>\n\t\t<\/div>\n\t\t\t\t\t<\/div>\n\t\t<\/section>\n\t\t\t\t\t<\/div>\n\t\t<\/div>\n\t\t\t\t\t<\/div>\n\t\t<\/section>\n\t\t\t\t<section class=\"elementor-section elementor-top-section elementor-element elementor-element-6ef8ae1 elementor-section-stretched elementor-section-boxed elementor-section-height-default elementor-section-height-default\" data-id=\"6ef8ae1\" data-element_type=\"section\" data-settings=\"{&quot;stretch_section&quot;:&quot;section-stretched&quot;}\">\n\t\t\t\t\t\t<div class=\"elementor-container elementor-column-gap-default\">\n\t\t\t\t\t<div class=\"elementor-column elementor-col-100 elementor-top-column elementor-element elementor-element-6fb906d\" data-id=\"6fb906d\" data-element_type=\"column\">\n\t\t\t<div class=\"elementor-widget-wrap elementor-element-populated\">\n\t\t\t\t\t\t<div class=\"elementor-element elementor-element-4cef409 elementor-widget-divider--view-line elementor-widget elementor-widget-divider\" data-id=\"4cef409\" data-element_type=\"widget\" data-widget_type=\"divider.default\">\n\t\t\t\t<div class=\"elementor-widget-container\">\n\t\t\t\t\t\t\t<div class=\"elementor-divider\">\n\t\t\t<span class=\"elementor-divider-separator\">\n\t\t\t\t\t\t<\/span>\n\t\t<\/div>\n\t\t\t\t\t\t<\/div>\n\t\t\t\t<\/div>\n\t\t\t\t\t<\/div>\n\t\t<\/div>\n\t\t\t\t\t<\/div>\n\t\t<\/section>\n\t\t\t\t<section class=\"elementor-section elementor-top-section elementor-element elementor-element-a46007e elementor-section-stretched elementor-section-boxed elementor-section-height-default elementor-section-height-default\" data-id=\"a46007e\" data-element_type=\"section\" data-settings=\"{&quot;stretch_section&quot;:&quot;section-stretched&quot;}\">\n\t\t\t\t\t\t<div class=\"elementor-container elementor-column-gap-default\">\n\t\t\t\t\t<div class=\"elementor-column elementor-col-100 elementor-top-column elementor-element elementor-element-3e1ac3b\" data-id=\"3e1ac3b\" data-element_type=\"column\">\n\t\t\t<div class=\"elementor-widget-wrap elementor-element-populated\">\n\t\t\t\t\t\t<section class=\"elementor-section elementor-inner-section elementor-element elementor-element-e9767ae elementor-section-full_width elementor-section-height-default elementor-section-height-default\" data-id=\"e9767ae\" data-element_type=\"section\">\n\t\t\t\t\t\t<div class=\"elementor-container elementor-column-gap-default\">\n\t\t\t\t\t<div class=\"elementor-column elementor-col-100 elementor-inner-column elementor-element elementor-element-2434dfe\" data-id=\"2434dfe\" data-element_type=\"column\">\n\t\t\t<div class=\"elementor-widget-wrap elementor-element-populated\">\n\t\t\t\t\t\t<div class=\"elementor-element elementor-element-a7e48cd elementor-widget elementor-widget-class-liberk-title-elementor-widget\" data-id=\"a7e48cd\" data-element_type=\"widget\" data-widget_type=\"class-liberk-title-elementor-widget.default\">\n\t\t\t\t<div class=\"elementor-widget-container\">\n\t\t\t\t\t\t\t\n\t\t<div class=\"kalliope-title section-title kalliope-title-widget\">\n\t\t\t<h2 class=\"title-block\">Najnovije vijesti<\/h2>\n\t\t<\/div>\n\n\t\t\t\t\t<\/div>\n\t\t\t\t<\/div>\n\t\t\t\t\t<\/div>\n\t\t<\/div>\n\t\t\t\t\t<\/div>\n\t\t<\/section>\n\t\t\t\t<section class=\"elementor-section elementor-inner-section elementor-element elementor-element-56ef3da elementor-section-full_width elementor-section-height-default elementor-section-height-default\" data-id=\"56ef3da\" data-element_type=\"section\">\n\t\t\t\t\t\t<div class=\"elementor-container elementor-column-gap-default\">\n\t\t\t\t\t<div class=\"elementor-column elementor-col-33 elementor-inner-column elementor-element elementor-element-235875a\" data-id=\"235875a\" data-element_type=\"column\">\n\t\t\t<div class=\"elementor-widget-wrap elementor-element-populated\">\n\t\t\t\t\t\t<div class=\"elementor-element elementor-element-7e30981 elementor-widget elementor-widget-post-block-template-medium\" data-id=\"7e30981\" data-element_type=\"widget\" data-widget_type=\"post-block-template-medium.default\">\n\t\t\t\t<div class=\"elementor-widget-container\">\n\t\t\t\t\t\n\t\t\t<div class=\"most-recent\">\n\t\t\t\t<div class=\"row\">\n\t\t\t\t\t\n\t\t\t\t\t\t\t\t\t\t\t\t<div class=\"col-lg-12\">\n\t\t\t\t\t\t\t<article class=\"post-block-style-wrapper post-block-template-medium\">\n\t\t\t\t\t\t\t\t<div class=\"post-block-style-inner\">\n\t\t\t\t\t\t\t\t\t<div class=\"post-block-media-wrap\">\n\t\t\t\t\t\t\t\t\t\t<a href=\"https:\/\/crolatam.com\/hrv\/argentina-conmemora-el-dia-de-la-criminalistica-en-honor-a-juan-vucetich\/\">\n\t\t\t\t\t\t\t\t\t\t\t<img decoding=\"async\" src=\"https:\/\/crolatam.com\/wp-content\/uploads\/2026\/09\/juan-Vucetich.jpg\" alt=\"Argentina conmemora el D\u00eda de la Criminal\u00edstica en honor a Juan Vucetich\">\n\t\t\t\t\t\t\t\t\t\t<\/a>\n\t\t\t\t\t\t\t\t\t<\/div>\n\t\t\t\t\t\t\t\t\t<div class=\"post-block-content-wrap\">\n\n\t\t\t\t\t\t\t\t\t\t\t\n\t\t\t\t\t\t\t\t\t\t<div class=\"post-category-box\">\n\t\t\t\t\t\t\t\t\t\t\t \n   \n\t \n\n\t\n\t<a class=\"news-cat_Name\" href=\"https:\/\/crolatam.com\/hrv\/category\/destacadas\/\" style=\"color:#4353f3\">\n\t\tIstaknuto\t<\/a>\n   \n\t\n\t<a class=\"news-cat_Name\" href=\"https:\/\/crolatam.com\/hrv\/category\/oportunidades-en-croacia\/migracion\/\" style=\"color:#4353f3\">\n\t\tMigracija\t<\/a>\n   \n\t\n\t<a class=\"news-cat_Name\" href=\"https:\/\/crolatam.com\/hrv\/category\/migracion-y-diaspora\/\" style=\"color:#4353f3\">\n\t\tMigracije i dijaspora\t<\/a>\n   \n\t\t\t\t\t\t\t\t\t\t\t<\/div>\n\t\t\t\t\t\t\t\t\t\t\n\t\t\t\t\t\t\t\t\t\t<div class=\"post-item-title\">\n\t\t\t\t\t\t\t\t\t\t\t<h2 class=\"post-title\">\n\t\t\t\t\t\t\t\t\t\t\t\t<a href=\"https:\/\/crolatam.com\/hrv\/argentina-conmemora-el-dia-de-la-criminalistica-en-honor-a-juan-vucetich\/\">\n\t\t\t\t\t\t\t\t\t\t\t\t\tArgentina conmemora el D\u00eda de la Criminal\u00edstica en honor a Juan Vucetich\t\t\t\t\t\t\t\t\t\t\t\t<\/a>\n\t\t\t\t\t\t\t\t\t\t\t<\/h2>\n\t\t\t\t\t\t\t\t\t\t<\/div>\n\n\t\t\t\t\t\t\t\t\t\t\n\t\t\t\t\t\t\t\t\t\t<div class=\"post-bottom-meta-list bullet\">\n\n\t\t\t\t\t\t\t\t\t\t\t\n\t\t\t\t\t\t\t\t\t\t\t\n\t\t\t\t\t\t\t\t\t\t<\/div>\n\t\t\t\t\t\t\t\t\t<\/div>\n\t\t\t\t\t\t\t\t<\/div>\n\t\t\t\t\t\t\t<\/article>\n\t\t\t\t\t\t<\/div>\n\t\t\t\t\t\t\t\t\t\t\t\t<div class=\"col-lg-12\">\n\t\t\t\t\t\t\t<article class=\"post-block-style-wrapper post-block-template-medium\">\n\t\t\t\t\t\t\t\t<div class=\"post-block-style-inner\">\n\t\t\t\t\t\t\t\t\t<div class=\"post-block-media-wrap\">\n\t\t\t\t\t\t\t\t\t\t<a href=\"https:\/\/crolatam.com\/hrv\/los-croatas-de-berisso-argentina-se-preparan-para-la-fiesta-del-inmigrante\/\">\n\t\t\t\t\t\t\t\t\t\t\t<img decoding=\"async\" src=\"https:\/\/crolatam.com\/wp-content\/uploads\/2026\/08\/Berisso-croatas.webp\" alt=\"Los croatas de Berisso, Argentina, se preparan para la Fiesta del Inmigrante\">\n\t\t\t\t\t\t\t\t\t\t<\/a>\n\t\t\t\t\t\t\t\t\t<\/div>\n\t\t\t\t\t\t\t\t\t<div class=\"post-block-content-wrap\">\n\n\t\t\t\t\t\t\t\t\t\t\t\n\t\t\t\t\t\t\t\t\t\t<div class=\"post-category-box\">\n\t\t\t\t\t\t\t\t\t\t\t \n   \n\t \n\n\t\n\t<a class=\"news-cat_Name\" href=\"https:\/\/crolatam.com\/hrv\/category\/destacadas\/\" style=\"color:#4353f3\">\n\t\tIstaknuto\t<\/a>\n   \n\t\n\t<a class=\"news-cat_Name\" href=\"https:\/\/crolatam.com\/hrv\/category\/oportunidades-en-croacia\/migracion\/\" style=\"color:#4353f3\">\n\t\tMigracija\t<\/a>\n   \n\t\n\t<a class=\"news-cat_Name\" href=\"https:\/\/crolatam.com\/hrv\/category\/migracion-y-diaspora\/\" style=\"color:#4353f3\">\n\t\tMigracije i dijaspora\t<\/a>\n   \n\t\t\t\t\t\t\t\t\t\t\t<\/div>\n\t\t\t\t\t\t\t\t\t\t\n\t\t\t\t\t\t\t\t\t\t<div class=\"post-item-title\">\n\t\t\t\t\t\t\t\t\t\t\t<h2 class=\"post-title\">\n\t\t\t\t\t\t\t\t\t\t\t\t<a href=\"https:\/\/crolatam.com\/hrv\/los-croatas-de-berisso-argentina-se-preparan-para-la-fiesta-del-inmigrante\/\">\n\t\t\t\t\t\t\t\t\t\t\t\t\tLos croatas de Berisso, Argentina, se preparan para la Fiesta del Inmigrante\t\t\t\t\t\t\t\t\t\t\t\t<\/a>\n\t\t\t\t\t\t\t\t\t\t\t<\/h2>\n\t\t\t\t\t\t\t\t\t\t<\/div>\n\n\t\t\t\t\t\t\t\t\t\t\n\t\t\t\t\t\t\t\t\t\t<div class=\"post-bottom-meta-list bullet\">\n\n\t\t\t\t\t\t\t\t\t\t\t\n\t\t\t\t\t\t\t\t\t\t\t\n\t\t\t\t\t\t\t\t\t\t<\/div>\n\t\t\t\t\t\t\t\t\t<\/div>\n\t\t\t\t\t\t\t\t<\/div>\n\t\t\t\t\t\t\t<\/article>\n\t\t\t\t\t\t<\/div>\n\t\t\t\t\t\t\t\t\t\t\t\t\t\t\t\t\t\t\t\t\t<\/div>\n\t\t\t<\/div>\n\n\t\t\t\t\t<\/div>\n\t\t\t\t<\/div>\n\t\t\t\t\t<\/div>\n\t\t<\/div>\n\t\t\t\t<div class=\"elementor-column elementor-col-33 elementor-inner-column elementor-element elementor-element-1823c08\" data-id=\"1823c08\" data-element_type=\"column\">\n\t\t\t<div class=\"elementor-widget-wrap elementor-element-populated\">\n\t\t\t\t\t\t<div class=\"elementor-element elementor-element-4f005e5 elementor-widget elementor-widget-post-block-template-large\" data-id=\"4f005e5\" data-element_type=\"widget\" data-widget_type=\"post-block-template-large.default\">\n\t\t\t\t<div class=\"elementor-widget-container\">\n\t\t\t\t\t\t\t\n\t\t\n\t\t\t\t\t\t<article class=\"post-block-style-wrapper post-block-template-large\">\n\t\t\t\t<div class=\"post-block-style-inner\">\n\t\t\t\t\t<div class=\"post-block-media-wrap\">\n\t\t\t\t\t\t<a href=\"https:\/\/crolatam.com\/hrv\/zagreb-ofrece-85-parcelas-gratuitas-para-ampliar-su-red-de-huertos-urbanos\/\">\n\t\t\t\t\t\t\t<img decoding=\"async\" src=\"https:\/\/crolatam.com\/wp-content\/uploads\/2026\/08\/image-14.png\" alt=\"Zagreb ofrece 85 parcelas gratuitas para ampliar su red de huertos urbanos\">\n\t\t\t\t\t\t<\/a>\n\t\t\t\t\t<\/div>\n\t\t\t\t\t<div class=\"post-block-content-wrap\">\n\n\t\t\t\t\t\t\t\n\t\t\t\t\t\t<div class=\"post-category-box\">\n\t\t\t\t\t\t\t<!-- <a href=\"category.html\" class=\"cat-text-4\">Business<\/a> -->\n\t\t\t\t\t\t\t \n   \n\t \n\n\t\n\t<a class=\"news-cat_Name\" href=\"https:\/\/crolatam.com\/hrv\/category\/economia-y-negocios\/agronegocios-y-recursos-naturales\/\" style=\"color:#4353f3\">\n\t\tAgrobiznis i prirodni resursi\t<\/a>\n   \n\t\n\t<a class=\"news-cat_Name\" href=\"https:\/\/crolatam.com\/hrv\/category\/destacadas\/\" style=\"color:#4353f3\">\n\t\tIstaknuto\t<\/a>\n   \n\t\n\t<a class=\"news-cat_Name\" href=\"https:\/\/crolatam.com\/hrv\/category\/economia-y-negocios\/\" style=\"color:#4353f3\">\n\t\tGospodarstvo i poslovanje\t<\/a>\n   \n\t\n\t<a class=\"news-cat_Name\" href=\"https:\/\/crolatam.com\/hrv\/category\/oportunidades-en-croacia\/\" style=\"color:#4353f3\">\n\t\tPrilike u Hrvatskoj\t<\/a>\n   \n\t\t\t\t\t\t\t<\/div>\n\t\t\t\t\t\t\n\t\t\t\t\t\t<div class=\"post-item-title\">\n\t\t\t\t\t\t\t<h2 class=\"post-title\">\n\t\t\t\t\t\t\t\t<a href=\"https:\/\/crolatam.com\/hrv\/zagreb-ofrece-85-parcelas-gratuitas-para-ampliar-su-red-de-huertos-urbanos\/\">\n\t\t\t\t\t\t\t\t\tZagreb ofrece 85 parcelas gratuitas para ampliar su red de huertos urbanos\t\t\t\t\t\t\t\t<\/a>\n\t\t\t\t\t\t\t<\/h2>\n\t\t\t\t\t\t<\/div>\n\n\t\t\t\t\t\t\t\t\t\t\t\t<div class=\"post-excerpt-box\">\n\t\t\t\t\t\t\t<p>La ciudad de Zagreb abri\u00f3 una nueva convocatoria para adjudicar 85 parcelas de 50 metros cuadrados dentro de su programa \u201cJardines Urbanos\u201d. Los espacios podr\u00e1n utilizarse gratuitamente durante dos a\u00f1os, con posibilidad de pr\u00f3rroga.<\/p>\n\t\t\t\t\t\t<\/div>\n\t\t\t\t\t\t\n\t\t\t\t\t\t<div class=\"post-bottom-meta-list\">\n\n\t\t\t\t\t\t\t\t\t\t\t\t\t\t\t\t\t\t\t\t\t\t\n\t\t\t\t\t\t\t<div class=\"meta-content\">\n\n\t\t\t\t\t\t\t\t\t\t\t\t\t\t\t\t\t\t\t\t\t\t\t\t\t\n\t\t\t\t\t\t\t\t\t\t\t\t\t\t\t\t<div class=\"post-meta-date-box\">\n\t\t\t\t\t\t\t\t\t<span>kol 26, 2026<\/span>\n\t\t\t\t\t\t\t\t<\/div>\n\t\t\t\t\t\t\t\t\n\t\t\t\t\t\t\t<\/div>\n\t\t\t\t\t\t<\/div>\n\t\t\t\t\t<\/div>\n\t\t\t\t<\/div>\n\t\t\t<\/article>\n\t\t\t\t\t    \t\t\n\t\t\n\t\t\t\t\t<\/div>\n\t\t\t\t<\/div>\n\t\t\t\t\t<\/div>\n\t\t<\/div>\n\t\t\t\t<div class=\"elementor-column elementor-col-33 elementor-inner-column elementor-element elementor-element-63669e6\" data-id=\"63669e6\" data-element_type=\"column\">\n\t\t\t<div class=\"elementor-widget-wrap elementor-element-populated\">\n\t\t\t\t\t\t<div class=\"elementor-element elementor-element-98a25f6 tp-mra elementor-widget elementor-widget-post-block-template-list-small-small\" data-id=\"98a25f6\" data-element_type=\"widget\" data-widget_type=\"post-block-template-list-small-small.default\">\n\t\t\t\t<div class=\"elementor-widget-container\">\n\t\t\t\t\t\t\t\n        <div class=\"editors-choice-area\">\n\n            \n\t\t\t        <\/div>\n\t\n\t\t\t\t\t<\/div>\n\t\t\t\t<\/div>\n\t\t\t\t<div class=\"elementor-element elementor-element-e40b643 elementor-widget elementor-widget-post-block-template-list-small-small\" data-id=\"e40b643\" data-element_type=\"widget\" data-widget_type=\"post-block-template-list-small-small.default\">\n\t\t\t\t<div class=\"elementor-widget-container\">\n\t\t\t\t\t\t\t\n        <div class=\"editors-choice-area\">\n\n            \n\t\t\t\t\t\t\t\t\t\t\t<article class=\"post-block-style-wrapper post-block-template-list post-block-template-list-small\">\n\t\t\t\t\t<div class=\"post-block-style-inner post-block-list-style-inner\">\n\t\t\t\t\t\t<div class=\"post-block-media-wrap\">\n\t\t\t\t\t\t\t<a href=\"https:\/\/crolatam.com\/hrv\/zagreb-celebra-60-edicion-festival-internacional-folklore\/\">\n\t\t\t\t\t\t\t\t<img decoding=\"async\" src=\"https:\/\/crolatam.com\/wp-content\/uploads\/2026\/07\/image-23.png\" alt=\"Zagreb celebra la 60.\u00aa edici\u00f3n del Festival Internacional de Folklore con participaci\u00f3n de Argentina\">\n\t\t\t\t\t\t\t<\/a>\n\t\t\t\t\t\t<\/div>\n\t\t\t\t\t\t<div class=\"post-block-content-wrap\">\n\n\t\t\t\t\t\t\t\t\t\t\t\t\t\t<div class=\"post-category-box\">\n\t\t\t\t\t\t\t\t \n   \n\t \n\n\t\n\t<a class=\"news-cat_Name\" href=\"https:\/\/crolatam.com\/hrv\/category\/cultura-y-sociedad\/\" style=\"color:#4353f3\">\n\t\tKultura i dru\u0161tvo\t<\/a>\n   \n\t\n\t<a class=\"news-cat_Name\" href=\"https:\/\/crolatam.com\/hrv\/category\/destacadas\/\" style=\"color:#4353f3\">\n\t\tIstaknuto\t<\/a>\n   \n\t\n\t<a class=\"news-cat_Name\" href=\"https:\/\/crolatam.com\/hrv\/category\/oportunidades-en-croacia\/migracion\/\" style=\"color:#4353f3\">\n\t\tMigracija\t<\/a>\n   \n\t\n\t<a class=\"news-cat_Name\" href=\"https:\/\/crolatam.com\/hrv\/category\/migracion-y-diaspora\/\" style=\"color:#4353f3\">\n\t\tMigracije i dijaspora\t<\/a>\n   \n\t\t\t\t\t\t\t\t<\/div>\n\t\t\t\t\t\t\t\n\t\t\t\t\t\t\t<div class=\"post-item-title\">\n\t\t\t\t\t\t\t\t<h2 class=\"post-title\">\n\t\t\t\t\t\t\t\t\t<a href=\"https:\/\/crolatam.com\/hrv\/zagreb-celebra-60-edicion-festival-internacional-folklore\/\">\n\t\t\t\t\t\t\t\t\t\tZagreb slavi 60. izdanje Me\u0111unarodnog festivala folklora uz sudjelovanje Argentine\t\t\t\t\t\t\t\t\t<\/a>\n\t\t\t\t\t\t\t\t<\/h2>\n\t\t\t\t\t\t\t<\/div>\n\t\t\t\t\t\t\t<div class=\"post-bottom-meta-list bullet\">\n\n\t\t\t\t\t\t\t\t\n\t\t\t\t\t\t\t\t\n\t\t\t\t\t\t\t<\/div>\n\t\t\t\t\t\t<\/div>\n\t\t\t\t\t<\/div>\n\t\t\t\t<\/article>\n\t\t\t\t\t\t\t\t<article class=\"post-block-style-wrapper post-block-template-list post-block-template-list-small\">\n\t\t\t\t\t<div class=\"post-block-style-inner post-block-list-style-inner\">\n\t\t\t\t\t\t<div class=\"post-block-media-wrap\">\n\t\t\t\t\t\t\t<a href=\"https:\/\/crolatam.com\/hrv\/vukovar-se-prepara-para-celebrar-el-dunav-fest-el-gran-festival-del-danubio\/\">\n\t\t\t\t\t\t\t\t<img decoding=\"async\" src=\"https:\/\/crolatam.com\/wp-content\/uploads\/2026\/06\/image-21.png\" alt=\"Vukovar se prepara para celebrar el Dunav Fest, el gran festival del Danubio que une gastronom\u00eda, cultura y tradici\u00f3n\">\n\t\t\t\t\t\t\t<\/a>\n\t\t\t\t\t\t<\/div>\n\t\t\t\t\t\t<div class=\"post-block-content-wrap\">\n\n\t\t\t\t\t\t\t\t\t\t\t\t\t\t<div class=\"post-category-box\">\n\t\t\t\t\t\t\t\t \n   \n\t \n\n\t\n\t<a class=\"news-cat_Name\" href=\"https:\/\/crolatam.com\/hrv\/category\/cultura-y-sociedad\/\" style=\"color:#4353f3\">\n\t\tKultura i dru\u0161tvo\t<\/a>\n   \n\t\n\t<a class=\"news-cat_Name\" href=\"https:\/\/crolatam.com\/hrv\/category\/destacadas\/\" style=\"color:#4353f3\">\n\t\tIstaknuto\t<\/a>\n   \n\t\n\t<a class=\"news-cat_Name\" href=\"https:\/\/crolatam.com\/hrv\/category\/economia-y-negocios\/turismo\/\" style=\"color:#4353f3\">\n\t\tTurizam\t<\/a>\n   \n\t\t\t\t\t\t\t\t<\/div>\n\t\t\t\t\t\t\t\n\t\t\t\t\t\t\t<div class=\"post-item-title\">\n\t\t\t\t\t\t\t\t<h2 class=\"post-title\">\n\t\t\t\t\t\t\t\t\t<a href=\"https:\/\/crolatam.com\/hrv\/vukovar-se-prepara-para-celebrar-el-dunav-fest-el-gran-festival-del-danubio\/\">\n\t\t\t\t\t\t\t\t\t\tVukovar se priprema za proslavu Dunav Festa, velikog dunavskog festivala koji ujedinjuje gastronomiju, kulturu i tradiciju\t\t\t\t\t\t\t\t\t<\/a>\n\t\t\t\t\t\t\t\t<\/h2>\n\t\t\t\t\t\t\t<\/div>\n\t\t\t\t\t\t\t<div class=\"post-bottom-meta-list bullet\">\n\n\t\t\t\t\t\t\t\t\n\t\t\t\t\t\t\t\t\n\t\t\t\t\t\t\t<\/div>\n\t\t\t\t\t\t<\/div>\n\t\t\t\t\t<\/div>\n\t\t\t\t<\/article>\n\t\t\t\t\t\t\t\t<article class=\"post-block-style-wrapper post-block-template-list post-block-template-list-small\">\n\t\t\t\t\t<div class=\"post-block-style-inner post-block-list-style-inner\">\n\t\t\t\t\t\t<div class=\"post-block-media-wrap\">\n\t\t\t\t\t\t\t<a href=\"https:\/\/crolatam.com\/hrv\/vesna-barisic-de-argentina-fue-elegida-la-croata-mas-bella-del-mundo-en-traje-tradicional\/\">\n\t\t\t\t\t\t\t\t<img decoding=\"async\" src=\"https:\/\/crolatam.com\/wp-content\/uploads\/2026\/07\/Vesna.png\" alt=\"Vesna Bari\u0161i\u0107, de Argentina, fue elegida la croata m\u00e1s bella del mundo en traje tradicional\">\n\t\t\t\t\t\t\t<\/a>\n\t\t\t\t\t\t<\/div>\n\t\t\t\t\t\t<div class=\"post-block-content-wrap\">\n\n\t\t\t\t\t\t\t\t\t\t\t\t\t\t<div class=\"post-category-box\">\n\t\t\t\t\t\t\t\t \n   \n\t \n\n\t\n\t<a class=\"news-cat_Name\" href=\"https:\/\/crolatam.com\/hrv\/category\/cultura-y-sociedad\/\" style=\"color:#4353f3\">\n\t\tKultura i dru\u0161tvo\t<\/a>\n   \n\t\n\t<a class=\"news-cat_Name\" href=\"https:\/\/crolatam.com\/hrv\/category\/destacadas\/\" style=\"color:#4353f3\">\n\t\tIstaknuto\t<\/a>\n   \n\t\n\t<a class=\"news-cat_Name\" href=\"https:\/\/crolatam.com\/hrv\/category\/oportunidades-en-croacia\/migracion\/\" style=\"color:#4353f3\">\n\t\tMigracija\t<\/a>\n   \n\t\n\t<a class=\"news-cat_Name\" href=\"https:\/\/crolatam.com\/hrv\/category\/migracion-y-diaspora\/\" style=\"color:#4353f3\">\n\t\tMigracije i dijaspora\t<\/a>\n   \n\t\t\t\t\t\t\t\t<\/div>\n\t\t\t\t\t\t\t\n\t\t\t\t\t\t\t<div class=\"post-item-title\">\n\t\t\t\t\t\t\t\t<h2 class=\"post-title\">\n\t\t\t\t\t\t\t\t\t<a href=\"https:\/\/crolatam.com\/hrv\/vesna-barisic-de-argentina-fue-elegida-la-croata-mas-bella-del-mundo-en-traje-tradicional\/\">\n\t\t\t\t\t\t\t\t\t\tVesna Bari\u0161i\u0107 iz Argentine izabrana je za najljep\u0161u Hrvaticu na svijetu u tradicionalnoj odje\u0107i.\t\t\t\t\t\t\t\t\t<\/a>\n\t\t\t\t\t\t\t\t<\/h2>\n\t\t\t\t\t\t\t<\/div>\n\t\t\t\t\t\t\t<div class=\"post-bottom-meta-list bullet\">\n\n\t\t\t\t\t\t\t\t\n\t\t\t\t\t\t\t\t\n\t\t\t\t\t\t\t<\/div>\n\t\t\t\t\t\t<\/div>\n\t\t\t\t\t<\/div>\n\t\t\t\t<\/article>\n\t\t\t\t\t\t\t\t<article class=\"post-block-style-wrapper post-block-template-list post-block-template-list-small\">\n\t\t\t\t\t<div class=\"post-block-style-inner post-block-list-style-inner\">\n\t\t\t\t\t\t<div class=\"post-block-media-wrap\">\n\t\t\t\t\t\t\t<a href=\"https:\/\/crolatam.com\/hrv\/una-ola-de-calor-golpea-a-croacia-y-europa\/\">\n\t\t\t\t\t\t\t\t<img decoding=\"async\" src=\"https:\/\/crolatam.com\/wp-content\/uploads\/2026\/01\/Tursimo-croacia-AFP-edited.jpg\" alt=\"Una ola de calor golpea a Croacia y Europa\">\n\t\t\t\t\t\t\t<\/a>\n\t\t\t\t\t\t<\/div>\n\t\t\t\t\t\t<div class=\"post-block-content-wrap\">\n\n\t\t\t\t\t\t\t\t\t\t\t\t\t\t<div class=\"post-category-box\">\n\t\t\t\t\t\t\t\t \n   \n\t \n\n\t\n\t<a class=\"news-cat_Name\" href=\"https:\/\/crolatam.com\/hrv\/category\/destacadas\/\" style=\"color:#4353f3\">\n\t\tIstaknuto\t<\/a>\n   \n\t\n\t<a class=\"news-cat_Name\" href=\"https:\/\/crolatam.com\/hrv\/category\/economia-y-negocios\/turismo\/\" style=\"color:#4353f3\">\n\t\tTurizam\t<\/a>\n   \n\t\t\t\t\t\t\t\t<\/div>\n\t\t\t\t\t\t\t\n\t\t\t\t\t\t\t<div class=\"post-item-title\">\n\t\t\t\t\t\t\t\t<h2 class=\"post-title\">\n\t\t\t\t\t\t\t\t\t<a href=\"https:\/\/crolatam.com\/hrv\/una-ola-de-calor-golpea-a-croacia-y-europa\/\">\n\t\t\t\t\t\t\t\t\t\tToplinski val pogodio je Hrvatsku i Europu\t\t\t\t\t\t\t\t\t<\/a>\n\t\t\t\t\t\t\t\t<\/h2>\n\t\t\t\t\t\t\t<\/div>\n\t\t\t\t\t\t\t<div class=\"post-bottom-meta-list bullet\">\n\n\t\t\t\t\t\t\t\t\n\t\t\t\t\t\t\t\t\n\t\t\t\t\t\t\t<\/div>\n\t\t\t\t\t\t<\/div>\n\t\t\t\t\t<\/div>\n\t\t\t\t<\/article>\n\t\t\t\t\t\t\t\t<article class=\"post-block-style-wrapper post-block-template-list post-block-template-list-small\">\n\t\t\t\t\t<div class=\"post-block-style-inner post-block-list-style-inner\">\n\t\t\t\t\t\t<div class=\"post-block-media-wrap\">\n\t\t\t\t\t\t\t<a href=\"https:\/\/crolatam.com\/hrv\/una-ola-de-calor-golpea-a-croacia\/\">\n\t\t\t\t\t\t\t\t<img decoding=\"async\" src=\"https:\/\/crolatam.com\/wp-content\/uploads\/2026\/01\/Tursimo-croacia-AFP-edited.jpg\" alt=\"Una ola de calor golpea a Croacia\">\n\t\t\t\t\t\t\t<\/a>\n\t\t\t\t\t\t<\/div>\n\t\t\t\t\t\t<div class=\"post-block-content-wrap\">\n\n\t\t\t\t\t\t\t\t\t\t\t\t\t\t<div class=\"post-category-box\">\n\t\t\t\t\t\t\t\t \n   \n\t \n\n\t\n\t<a class=\"news-cat_Name\" href=\"https:\/\/crolatam.com\/hrv\/category\/destacadas\/\" style=\"color:#4353f3\">\n\t\tIstaknuto\t<\/a>\n   \n\t\n\t<a class=\"news-cat_Name\" href=\"https:\/\/crolatam.com\/hrv\/category\/economia-y-negocios\/turismo\/\" style=\"color:#4353f3\">\n\t\tTurizam\t<\/a>\n   \n\t\t\t\t\t\t\t\t<\/div>\n\t\t\t\t\t\t\t\n\t\t\t\t\t\t\t<div class=\"post-item-title\">\n\t\t\t\t\t\t\t\t<h2 class=\"post-title\">\n\t\t\t\t\t\t\t\t\t<a href=\"https:\/\/crolatam.com\/hrv\/una-ola-de-calor-golpea-a-croacia\/\">\n\t\t\t\t\t\t\t\t\t\tToplinski val pogodio Hrvatsku\t\t\t\t\t\t\t\t\t<\/a>\n\t\t\t\t\t\t\t\t<\/h2>\n\t\t\t\t\t\t\t<\/div>\n\t\t\t\t\t\t\t<div class=\"post-bottom-meta-list bullet\">\n\n\t\t\t\t\t\t\t\t\n\t\t\t\t\t\t\t\t\n\t\t\t\t\t\t\t<\/div>\n\t\t\t\t\t\t<\/div>\n\t\t\t\t\t<\/div>\n\t\t\t\t<\/article>\n\t\t\t\t\t\t\t\t\t\t\t        <\/div>\n\t\n\t\t\t\t\t<\/div>\n\t\t\t\t<\/div>\n\t\t\t\t\t<\/div>\n\t\t<\/div>\n\t\t\t\t\t<\/div>\n\t\t<\/section>\n\t\t\t\t\t<\/div>\n\t\t<\/div>\n\t\t\t\t\t<\/div>\n\t\t<\/section>\n\t\t\t\t<\/div>\n\t\t<div id=\"banner-blog-mobile\" class=\"crola-after-content-2 crola-entity-placement\"><a href=\"https:\/\/wa.me\/5491169138790\" aria-label=\"PRAVOKUTNI TRANSPARENT 1\"><img src=\"https:\/\/crolatam.com\/wp-content\/uploads\/2026\/06\/BANNER-RECTANGULAR-1.jpeg\" alt=\"\"  srcset=\"https:\/\/crolatam.com\/wp-content\/uploads\/2026\/06\/BANNER-RECTANGULAR-1.jpeg 1280w, https:\/\/crolatam.com\/wp-content\/uploads\/2026\/06\/BANNER-RECTANGULAR-1-300x250.jpeg 300w, https:\/\/crolatam.com\/wp-content\/uploads\/2026\/06\/BANNER-RECTANGULAR-1-1024x854.jpeg 1024w, https:\/\/crolatam.com\/wp-content\/uploads\/2026\/06\/BANNER-RECTANGULAR-1-768x641.jpeg 768w, https:\/\/crolatam.com\/wp-content\/uploads\/2026\/06\/BANNER-RECTANGULAR-1-14x12.jpeg 14w, https:\/\/crolatam.com\/wp-content\/uploads\/2026\/06\/BANNER-RECTANGULAR-1-600x501.jpeg 600w\" sizes=\"(max-width: 1280px) 100vw, 1280px\" width=\"1280\" height=\"1068\"   \/><\/a><\/div><div id=\"banner-blog-desktop\" class=\"crola-after-content crola-entity-placement\"><a href=\"https:\/\/wa.me\/5491169138790\" aria-label=\"HORIZONTALNI TRANSPARENT 1 (1)\"><img src=\"https:\/\/crolatam.com\/wp-content\/uploads\/2026\/06\/BANNER-HORIZONTAL-1-1.jpeg\" alt=\"\"  srcset=\"https:\/\/crolatam.com\/wp-content\/uploads\/2026\/06\/BANNER-HORIZONTAL-1-1.jpeg 1280w, https:\/\/crolatam.com\/wp-content\/uploads\/2026\/06\/BANNER-HORIZONTAL-1-1-300x94.jpeg 300w, https:\/\/crolatam.com\/wp-content\/uploads\/2026\/06\/BANNER-HORIZONTAL-1-1-1024x320.jpeg 1024w, https:\/\/crolatam.com\/wp-content\/uploads\/2026\/06\/BANNER-HORIZONTAL-1-1-768x240.jpeg 768w, https:\/\/crolatam.com\/wp-content\/uploads\/2026\/06\/BANNER-HORIZONTAL-1-1-18x6.jpeg 18w, https:\/\/crolatam.com\/wp-content\/uploads\/2026\/06\/BANNER-HORIZONTAL-1-1-600x188.jpeg 600w\" sizes=\"(max-width: 1280px) 100vw, 1280px\" width=\"1280\" height=\"400\"   \/><\/a><\/div>","protected":false},"excerpt":{"rendered":"<p>Federico Jelic: el periodista argentino que vive los Mundiales entre Argentina y Croacia El reconocido periodista deportivo de C\u00f3rdoba, Argentina, ha construido una trayectoria ligada a las grandes coberturas internacionales, pero tambi\u00e9n mantiene un v\u00ednculo personal con Croacia, pa\u00eds de origen de sus antepasados. Entre la pasi\u00f3n por la selecci\u00f3n argentina y el orgullo por [&hellip;]<\/p>\n","protected":false},"author":1,"featured_media":0,"parent":0,"menu_order":0,"comment_status":"closed","ping_status":"closed","template":"","meta":{"footnotes":""},"class_list":["post-3016","page","type-page","status-publish","hentry"],"_links":{"self":[{"href":"https:\/\/crolatam.com\/hrv\/wp-json\/wp\/v2\/pages\/3016","targetHints":{"allow":["GET"]}}],"collection":[{"href":"https:\/\/crolatam.com\/hrv\/wp-json\/wp\/v2\/pages"}],"about":[{"href":"https:\/\/crolatam.com\/hrv\/wp-json\/wp\/v2\/types\/page"}],"author":[{"embeddable":true,"href":"https:\/\/crolatam.com\/hrv\/wp-json\/wp\/v2\/users\/1"}],"replies":[{"embeddable":true,"href":"https:\/\/crolatam.com\/hrv\/wp-json\/wp\/v2\/comments?post=3016"}],"version-history":[{"count":145,"href":"https:\/\/crolatam.com\/hrv\/wp-json\/wp\/v2\/pages\/3016\/revisions"}],"predecessor-version":[{"id":6717,"href":"https:\/\/crolatam.com\/hrv\/wp-json\/wp\/v2\/pages\/3016\/revisions\/6717"}],"wp:attachment":[{"href":"https:\/\/crolatam.com\/hrv\/wp-json\/wp\/v2\/media?parent=3016"}],"curies":[{"name":"radni list","href":"https:\/\/api.w.org\/{rel}","templated":true}]}}